{"id":390,"date":"2024-02-22T13:12:08","date_gmt":"2024-02-22T12:12:08","guid":{"rendered":"http:\/\/drage-nf.eu\/?page_id=390"},"modified":"2026-04-28T09:35:41","modified_gmt":"2026-04-28T07:35:41","slug":"390-2","status":"publish","type":"page","link":"http:\/\/drage-nf.eu\/","title":{"rendered":""},"content":{"rendered":"<p style=\"text-align: center;\"><span style=\"font-family: tahoma, arial, helvetica, sans-serif; font-size: 10pt;\">\u00a0 \u00a0 \u00a0 \u00a0 \u00a0 \u00a0 \u00a0 \u00a0 \u00a0 \u00a0 \u00a0 \u00a0 \u00a0 \u00a0 \u00a0 \u00a0 \u00a0 \u00a0 \u00a0 \u00a0 \u00a0 \u00a0 \u00a0 \u00a0 \u00a0 \u00a0Moin Moin<\/span><br \/>\n<span style=\"font-family: tahoma, arial, helvetica, sans-serif; font-size: 10pt;\">\u00a0 \u00a0 \u00a0 \u00a0 \u00a0 \u00a0 \u00a0 \u00a0 \u00a0 \u00a0 \u00a0 \u00a0 \u00a0 \u00a0 \u00a0 \u00a0 \u00a0 \u00a0 \u00a0 \u00a0 \u00a0 \u00a0 \u00a0 \u00a0 \u00a0 \u00a0 \u00a0 \u00a0 \u00a0 \u00a0Als B\u00fcrgermeisterin der Gemeinde Drage begr\u00fc\u00dfe ich alle,<\/span><br \/>\n<span style=\"font-family: tahoma, arial, helvetica, sans-serif; font-size: 10pt;\"><img loading=\"lazy\" decoding=\"async\" class=\" wp-image-66 alignleft\" src=\"http:\/\/drage-nf.eu\/wp-content\/uploads\/2024\/02\/droog.jpg\" alt=\"\" width=\"233\" height=\"311\" srcset=\"http:\/\/drage-nf.eu\/wp-content\/uploads\/2024\/02\/droog.jpg 177w, http:\/\/drage-nf.eu\/wp-content\/uploads\/2024\/02\/droog-113x150.jpg 113w\" sizes=\"auto, (max-width: 233px) 100vw, 233px\" \/>die an Drage interessiert sind.\u00a0Die Gemeinde Drage liegt an der Eider im Kreis Nordfriesland,<br \/>\numgeben\u00a0von Marsch \u2013 und Feuchtgr\u00fcnland<\/span><br \/>\n<span style=\"font-family: tahoma, arial, helvetica, sans-serif; font-size: 10pt;\">auf einem Geestr\u00fccken abseits der Bundesstra\u00dfe 202.<\/span><br \/>\n<span style=\"font-family: tahoma, arial, helvetica, sans-serif; font-size: 10pt;\">Drage ist ein mit 645 Einwohnern idyllisch gelegenes<\/span><br \/>\n<span style=\"font-family: tahoma, arial, helvetica, sans-serif; font-size: 10pt;\">von der Landwirtschaft gepr\u00e4gtes Dorf.<\/span><br \/>\n<span style=\"font-family: tahoma, arial, helvetica, sans-serif; font-size: 10pt;\">Es bietet einen optischen Reiz mit \u00fcber 40 reetgedeckten H\u00e4usern.<\/span><br \/>\n<span style=\"font-family: tahoma, arial, helvetica, sans-serif; font-size: 10pt;\">Am Eiderufer befindet sich eine Badestelle mit Liegewiese und direkt nebenan<\/span><br \/>\n<span style=\"font-family: tahoma, arial, helvetica, sans-serif; font-size: 10pt;\">eine Kanuanlegestelle. Auf der anderen Seite gibt es eine Slipanlage.<\/span><br \/>\n<span style=\"font-family: tahoma, arial, helvetica, sans-serif; font-size: 10pt;\">Die 1937 errichtete Schleuse Nordfeld bietet Radfahrern und Fu\u00dfg\u00e4ngern<\/span><br \/>\n<span style=\"font-family: tahoma, arial, helvetica, sans-serif; font-size: 10pt;\">\u00a0 \u00a0 \u00a0 \u00a0 \u00a0die \u00dcberquerung nach Dithmarschen.<\/span><\/p>\n<p style=\"text-align: center;\"><span style=\"font-family: tahoma, arial, helvetica, sans-serif; font-size: 10pt;\">\u00a0 \u00a0 \u00a0 \u00a0 \u00a0 \u00a0 \u00a0 \u00a0 \u00a0 Zum Schluss w\u00fcnsche ich allen viel Spa\u00df beim durchbl\u00e4ttern der Seite von Drage.<\/span><\/p>\n<p style=\"text-align: center;\"><span style=\"font-family: tahoma, arial, helvetica, sans-serif; font-size: 10pt;\">\u00a0 \u00a0 \u00a0 \u00a0 \u00a0 \u00a0 \u00a0 \u00a0 \u00a0 \u00a0 \u00a0 \u00a0 \u00a0 B\u00fcrgermeisterin der Gemeinde Drage Nordfriesland<\/span><br \/>\n<span style=\"font-family: tahoma, arial, helvetica, sans-serif; font-size: 10pt;\">\u00a0 \u00a0 \u00a0 \u00a0 \u00a0 \u00a0 \u00a0 \u00a0 \u00a0 \u00a0 \u00a0 \u00a0 \u00a0 \u00a0 \u00a0 \u00a0 \u00a0 \u00a0 \u00a0 \u00a0 \u00a0 \u00a0 \u00a0 \u00a0 \u00a0 \u00a0 \u00a0 \u00a0 \u00a0 \u00a0 \u00a0 \u00a0 \u00a0 \u00a0 \u00a0 \u00a0 \u00a0 \u00a0 \u00a0 \u00a0 \u00a0 \u00a0 \u00a0 \u00a0 \u00a0 \u00a0 \u00a0 \u00a0 \u00a0 \u00a0 \u00a0 \u00a0 \u00a0 \u00a0 \u00a0 \u00a0 \u00a0 \u00a0 \u00a0 \u00a0 \u00a0 \u00a0 \u00a0 \u00a0 \u00a0 \u00a0 \u00a0 \u00a0 \u00a0 \u00a0 \u00a0 \u00a0 \u00a0 \u00a0 \u00a0 \u00a0 \u00a0 \u00a0 \u00a0 \u00a0 \u00a0 \u00a0 \u00a0 \u00a0 \u00a0 \u00a0 \u00a0 \u00a0 \u00a0 \u00a0 \u00a0 \u00a0 \u00a0 \u00a0 \u00a0 \u00a0 \u00a0 \u00a0 \u00a0Maren F\u00fcrst<br \/>\n<\/span><\/p>\n<hr \/>\n<p>&nbsp;<\/p>\n<p><span style=\"font-size: 14pt;\"><strong><br \/>\n<img loading=\"lazy\" decoding=\"async\" class=\"aligncenter wp-image-1569\" src=\"http:\/\/drage-nf.eu\/wp-content\/uploads\/2026\/03\/IMG_20260310_0001-scaled.jpg\" alt=\"\" width=\"700\" height=\"988\" srcset=\"http:\/\/drage-nf.eu\/wp-content\/uploads\/2026\/03\/IMG_20260310_0001-scaled.jpg 1814w, http:\/\/drage-nf.eu\/wp-content\/uploads\/2026\/03\/IMG_20260310_0001-213x300.jpg 213w, http:\/\/drage-nf.eu\/wp-content\/uploads\/2026\/03\/IMG_20260310_0001-726x1024.jpg 726w, http:\/\/drage-nf.eu\/wp-content\/uploads\/2026\/03\/IMG_20260310_0001-768x1084.jpg 768w, http:\/\/drage-nf.eu\/wp-content\/uploads\/2026\/03\/IMG_20260310_0001-1089x1536.jpg 1089w, http:\/\/drage-nf.eu\/wp-content\/uploads\/2026\/03\/IMG_20260310_0001-1451x2048.jpg 1451w, http:\/\/drage-nf.eu\/wp-content\/uploads\/2026\/03\/IMG_20260310_0001-200x282.jpg 200w\" sizes=\"auto, (max-width: 700px) 100vw, 700px\" \/><br \/>\n<\/strong><\/span><\/p>\n<hr \/>\n<p><span style=\"font-size: 12pt; font-family: tahoma, arial, helvetica, sans-serif;\"><strong><img loading=\"lazy\" decoding=\"async\" class=\"aligncenter wp-image-1577\" src=\"http:\/\/drage-nf.eu\/wp-content\/uploads\/2026\/03\/mai.jpg\" alt=\"\" width=\"700\" height=\"991\" srcset=\"http:\/\/drage-nf.eu\/wp-content\/uploads\/2026\/03\/mai.jpg 816w, http:\/\/drage-nf.eu\/wp-content\/uploads\/2026\/03\/mai-212x300.jpg 212w, http:\/\/drage-nf.eu\/wp-content\/uploads\/2026\/03\/mai-723x1024.jpg 723w, http:\/\/drage-nf.eu\/wp-content\/uploads\/2026\/03\/mai-768x1087.jpg 768w, http:\/\/drage-nf.eu\/wp-content\/uploads\/2026\/03\/mai-200x283.jpg 200w\" sizes=\"auto, (max-width: 700px) 100vw, 700px\" \/><br \/>\n<\/strong><\/span><\/p>\n<hr \/>\n<p><span style=\"color: #00ff00; font-size: 14pt; font-family: tahoma, arial, helvetica, sans-serif;\"><strong><span style=\"color: #000000; font-size: 12pt;\">DRK Fr\u00fchlingsfest in Drage<br \/>\n<\/span><\/strong><span style=\"color: #000000; font-size: 12pt;\">Am 22. April hatte der DRK Ortsverein Drage seine Mitglieder und die<\/span><span style=\"color: #000000; font-size: 12pt;\"><br \/>\nBewohner des Alten- und Pflegeheims Dahrenhof zum Fr\u00fchlingsfest<br \/>\neingeladen. Die ersten Sonnenstrahlen wurden vor dem DGH genossen bevor<br \/>\nman zur Kaffeetafel gebeten hatte. Kuchen und belegte Brote sorgten f\u00fcr das<br \/>\nleibliche Wohl. Der M\u00e4nnergesangverein Drage stimmte die Gesellschaft mit<br \/>\nFr\u00fchlingsliedern auf die Jahreszeit ein. In Drage darf allerdings auch nie die<br \/>\nsch\u00f6ne plattdeutsche Mundart fehlen. So wurde das Lied \u201eLang de Diek\u201c von<br \/>\nArthur Reinicke zum Besten gegeben. Unser langj\u00e4hriges Mitglied Kirsten Hinz<br \/>\nunterhielt die G\u00e4ste mit lustigen Kurzgeschichten. Eindeutig zweideutig sorgten<br \/>\n<\/span><span style=\"color: #000000; font-size: 12pt;\">diese f\u00fcr herzhaftes Gel\u00e4chter.<br \/>\n<img loading=\"lazy\" decoding=\"async\" class=\"alignnone wp-image-1603\" src=\"http:\/\/drage-nf.eu\/wp-content\/uploads\/2026\/04\/Fruehlingsfest-2026-300x225.jpg\" alt=\"\" width=\"300\" height=\"225\" srcset=\"http:\/\/drage-nf.eu\/wp-content\/uploads\/2026\/04\/Fruehlingsfest-2026-300x225.jpg 300w, http:\/\/drage-nf.eu\/wp-content\/uploads\/2026\/04\/Fruehlingsfest-2026-200x150.jpg 200w, http:\/\/drage-nf.eu\/wp-content\/uploads\/2026\/04\/Fruehlingsfest-2026.jpg 640w\" sizes=\"auto, (max-width: 300px) 100vw, 300px\" \/> <img loading=\"lazy\" decoding=\"async\" class=\"alignnone wp-image-1604\" src=\"http:\/\/drage-nf.eu\/wp-content\/uploads\/2026\/04\/MGV-und-Dahrenhof-300x225.jpg\" alt=\"\" width=\"300\" height=\"225\" srcset=\"http:\/\/drage-nf.eu\/wp-content\/uploads\/2026\/04\/MGV-und-Dahrenhof-300x225.jpg 300w, http:\/\/drage-nf.eu\/wp-content\/uploads\/2026\/04\/MGV-und-Dahrenhof-200x150.jpg 200w, http:\/\/drage-nf.eu\/wp-content\/uploads\/2026\/04\/MGV-und-Dahrenhof.jpg 640w\" sizes=\"auto, (max-width: 300px) 100vw, 300px\" \/><\/span><\/span><\/p>\n<hr \/>\n<p><span style=\"color: #00ff00; font-size: 14pt; font-family: tahoma, arial, helvetica, sans-serif;\"><strong><span style=\"color: #000000; font-size: 12pt;\">Jahreshauptversammlung DRK Ortsverein Drage<\/span><\/strong><br \/>\n<span style=\"color: #000000; font-size: 12pt;\">Der DRK Ortsverein Drage hatte am 13. April 2026 zur JHV ins DGH Drage geladen.<br \/>\n27 <\/span><span style=\"color: #000000; font-size: 12pt;\">Mitglieder folgten der Einladung. Nach der Begr\u00fc\u00dfung durch die 1. Vorsitzende<br \/>\nElke <\/span><span style=\"color: #000000; font-size: 12pt;\">Hinrichsen wurde ein Imbiss aus leckeren Schnittchen mit Wurst, K\u00e4se und Fisch gereicht.<\/span><br \/>\n<span style=\"color: #000000; font-size: 12pt;\">Anschlie\u00dfend wurden der Jahresbericht der Schriftf\u00fchrerin Gerda Theede und der<\/span><br \/>\n<span style=\"color: #000000; font-size: 12pt;\">Kassenbericht der Kassenwartin Gerda Petersen-Carstens verlesen. Nach der Entlastung des<\/span><br \/>\n<span style=\"color: #000000; font-size: 12pt;\">Vorstandes folgte der wichtige Punkt Wahlen. Elke Hinrichsen m\u00f6chte nach 25 Jahren<\/span><br \/>\n<span style=\"color: #000000; font-size: 12pt;\">Vorstandsarbeit als 1. Vorsitzende in den Ruhestand treten. Wie waren ihre Worte: \u201eMan<\/span><br \/>\n<span style=\"color: #000000; font-size: 12pt;\">wird nicht j\u00fcnger und auch ich m\u00f6chte mal einfach eine Veranstaltung in Ruhe genie\u00dfen<\/span><br \/>\n<span style=\"color: #000000; font-size: 12pt;\">k\u00f6nnen.\u201c Leider findet sich keine Person, die diese Position besetzen m\u00f6chte. Daraufhin<\/span><br \/>\n<span style=\"color: #000000; font-size: 12pt;\">\u00fcbernimmt Karin Hasche als 2. Vorsitzende diesen Posten interimsm\u00e4\u00dfig und betont, dass<\/span><br \/>\n<span style=\"color: #000000; font-size: 12pt;\">sie die Aufgaben als Team mit der Kassenwartin Gerda Petersen-Carstens und den anderen<\/span><br \/>\n<span style=\"color: #000000; font-size: 12pt;\">Vorstandsmitgliedern aus\u00fcben wird. Gerda Theede gibt nach vielen Jahren emsigen<\/span><br \/>\n<span style=\"color: #000000; font-size: 12pt;\">Schreibens im \u201eschwarzen Buch\u201c ihre Schriftf\u00fchrert\u00e4tigkeit ab. Zur neuen Schriftf\u00fchrerin<\/span><br \/>\n<span style=\"color: #000000; font-size: 12pt;\">wird Ellen Matthiesen gew\u00e4hlt. 2. Kassenpr\u00fcferin wird Sylvia J\u00e4hnichen. Der DRK Ortsverein<\/span><br \/>\n<span style=\"color: #000000; font-size: 12pt;\">Drage m\u00f6chte auch immer Beisitzer im Vorstand haben, damit die vielf\u00e4ltigen Arbeiten auf<\/span><br \/>\n<span style=\"color: #000000; font-size: 12pt;\">viele Schultern verteilt werden k\u00f6nnen. Ute Treichel m\u00f6chte sich als Beisitzerin einbringen<\/span><br \/>\n<span style=\"color: #000000; font-size: 12pt;\">und auch unsere ehemalige 1. Vorsitzende Elke Hinrichsen bleibt uns erhalten. Ganz ohne<\/span><br \/>\n<span style=\"color: #000000; font-size: 12pt;\">DRK geht es dann doch nicht! Elke hat \u00fcber die Jahre eine hervorragende Beziehung zum<\/span><br \/>\n<span style=\"color: #000000; font-size: 12pt;\">Alten- und Pflegeheim Dahrenhof aufgebaut. Diesen Bereich und die Bewirtung von<\/span><br \/>\n<span style=\"color: #000000; font-size: 12pt;\">Versammlungen der Gemeinde Drage m\u00f6chte sie weiterhin \u00fcbernehmen. Die<\/span><br \/>\n<span style=\"color: #000000; font-size: 12pt;\">B\u00fcrgermeisterin Maren F\u00fcrst bedankt sich f\u00fcr dieses Engagement. Der neue Vorstand<\/span><br \/>\n<span style=\"color: #000000; font-size: 12pt;\">\u00fcberreicht Elke Hinrichsen einen Pr\u00e4sentkorb und Blumen und sagt DANKE f\u00fcr die vielen<\/span><br \/>\n<span style=\"color: #000000; font-size: 12pt;\">Jahre im Ehrenamt. Auch Gerda Theede wird mit einer gro\u00dfen Blumenschale geb\u00fchrend<\/span><br \/>\n<span style=\"color: #000000; font-size: 12pt;\">verabschiedet. Ehrungen f\u00fcr 40-j\u00e4hrige Treue und Mitgliedschaft im DRK OV Drage gingen an<\/span><br \/>\n<span style=\"color: #000000; font-size: 12pt;\">Kirsten Hinz, Marlis Cornils, Elke J\u00e4hnichen und in Abwesenheit an Helga Gaertitz und<\/span><br \/>\n<span style=\"color: #000000; font-size: 12pt;\">Carmen Momsen<br \/>\n<img loading=\"lazy\" decoding=\"async\" class=\"alignleft wp-image-1596 size-medium\" src=\"http:\/\/drage-nf.eu\/wp-content\/uploads\/2026\/04\/DRK1-300x200.jpg\" alt=\"\" width=\"300\" height=\"200\" srcset=\"http:\/\/drage-nf.eu\/wp-content\/uploads\/2026\/04\/DRK1-300x200.jpg 300w, http:\/\/drage-nf.eu\/wp-content\/uploads\/2026\/04\/DRK1-1024x683.jpg 1024w, http:\/\/drage-nf.eu\/wp-content\/uploads\/2026\/04\/DRK1-768x512.jpg 768w, http:\/\/drage-nf.eu\/wp-content\/uploads\/2026\/04\/DRK1-1536x1024.jpg 1536w, http:\/\/drage-nf.eu\/wp-content\/uploads\/2026\/04\/DRK1-2048x1365.jpg 2048w, http:\/\/drage-nf.eu\/wp-content\/uploads\/2026\/04\/DRK1-200x133.jpg 200w\" sizes=\"auto, (max-width: 300px) 100vw, 300px\" \/><\/span><strong><img loading=\"lazy\" decoding=\"async\" class=\"alignnone wp-image-1597\" src=\"http:\/\/drage-nf.eu\/wp-content\/uploads\/2026\/04\/DRK2-scaled.jpg\" alt=\"\" width=\"307\" height=\"200\" srcset=\"http:\/\/drage-nf.eu\/wp-content\/uploads\/2026\/04\/DRK2-scaled.jpg 2560w, http:\/\/drage-nf.eu\/wp-content\/uploads\/2026\/04\/DRK2-300x196.jpg 300w, http:\/\/drage-nf.eu\/wp-content\/uploads\/2026\/04\/DRK2-1024x668.jpg 1024w, http:\/\/drage-nf.eu\/wp-content\/uploads\/2026\/04\/DRK2-768x501.jpg 768w, http:\/\/drage-nf.eu\/wp-content\/uploads\/2026\/04\/DRK2-1536x1001.jpg 1536w, http:\/\/drage-nf.eu\/wp-content\/uploads\/2026\/04\/DRK2-2048x1335.jpg 2048w, http:\/\/drage-nf.eu\/wp-content\/uploads\/2026\/04\/DRK2-200x130.jpg 200w\" sizes=\"auto, (max-width: 307px) 100vw, 307px\" \/><br \/>\n<\/strong><\/span><\/p>\n<hr \/>\n<p><span style=\"color: #00ff00; font-size: 14pt; font-family: tahoma, arial, helvetica, sans-serif;\"><strong>D\u00f6rpsmobil Drage e.V.<\/strong><\/span><\/p>\n<p><span style=\"font-family: tahoma, arial, helvetica, sans-serif; font-size: 12pt;\"><strong>\u00a0<\/strong><strong>\u00a0<\/strong><strong>5.Mitgliederversammlung am 30. M\u00e4rz 2026<\/strong><\/span><\/p>\n<p><span style=\"font-family: tahoma, arial, helvetica, sans-serif; font-size: 12pt;\"><strong>\u00a0<\/strong>Am 30. M\u00e4rz 2026 haben wir unsere Mitglieder zu unserer 5.Mitgliederversammlung eingeladen.<\/span><\/p>\n<p><span style=\"font-family: tahoma, arial, helvetica, sans-serif; font-size: 12pt;\">Um 19.00 Uhr er\u00f6ffneter der 1. Vorsitzende Horst J\u00e4hnichen unsere 5. Mitgliederversammlung.<\/span><br \/>\n<span style=\"font-family: tahoma, arial, helvetica, sans-serif; font-size: 12pt;\">Unser 1 . Vorsitzende Horst J\u00e4hnichen begr\u00fc\u00dfte unsere Mitglieder sowie die B\u00fcrgermeisterin aus Drage Maren F\u00fcrst und den B\u00fcrgermeister aus Seeth Ernst-Wilhelm Schulz.<\/span><\/p>\n<p><span style=\"font-family: tahoma, arial, helvetica, sans-serif; font-size: 12pt;\">Der 1. Vorsitzende Horst J\u00e4hnichen stellte den Jahresbericht f\u00fcr 2025 vor. Der Verein hat zur Zeit 80 Mitglieder und hat im Jahr 2025<\/span><br \/>\n<span style=\"font-family: tahoma, arial, helvetica, sans-serif; font-size: 12pt;\">500 gebuchte Fahrten gemacht. Horst und Elke haben im Juli 2025 an der Sternenfahrt in Friedrichstadt teilgenommen. Friedrichstadt stellte sein neues D\u00f6rpsmobil vor. Wir nahmen an den Veranstaltungen der Vereine im Dorf teil (Dorfpokalschie\u00dfen der Sch\u00fctzengilde).<\/span><\/p>\n<p><span style=\"font-family: tahoma, arial, helvetica, sans-serif; font-size: 12pt;\">Die Kassenpr\u00fcfer bescheinigten eine gute Kassenf\u00fchrung und die Mitglieder gaben dem Vorstand bei eigener Enthaltung die Entlastung.Gudrun Fenger wurde neue Kassenpr\u00fcferin.<\/span><\/p>\n<p><span style=\"font-family: tahoma, arial, helvetica, sans-serif; font-size: 12pt;\">Der Vorstand stand dieses Jahr zur Wahl. Der 2. Vorsitzende Peter Hasche und die Kassenwartin Cornelia van Laaten wollten nicht wieder gew\u00e4hlt werden. Den 2. Vorsitz \u00fcbernahm Bert Raabe-Garz und die Kassenf\u00fchrung \u00fcbernahm Ilka Friess. Der 1. Vorsitzende Horst und die Protokollf\u00fchrerin Elke wurden durch Wiederwahl best\u00e4tigt.<\/span><\/p>\n<p><span style=\"font-family: tahoma, arial, helvetica, sans-serif; font-size: 12pt;\">Die B\u00fcrgermeisterin Maren F\u00fcrst \u00fcberbrachte die Gr\u00fc\u00dfe vom Gemeinderat, sie betonte nochmal dass das D\u00f6rpsmobil weit \u00fcber Drage hinaus bekannt ist. Sie lobte den Vorstand f\u00fcr seine Arbeit und bedankte sich mit\u00a0 einem\u00a0 Pr\u00e4sent (Macht weiter so). Der B\u00fcrgermeister Ernst-Wilhelm Schulz aus Seeth schloss sich den Worten unserer B\u00fcrgermeisterin an und dankte dem Vorstand das die B\u00fcrger aus Seeth auch das D\u00f6rpsmobil nutzen k\u00f6nnen. Der B\u00fcrgermeister bedankte sich ebenfalls mit einem Pr\u00e4sent.<\/span><\/p>\n<p><span style=\"font-family: tahoma, arial, helvetica, sans-serif; font-size: 12pt;\">(Das machen wir gerne.)<\/span><\/p>\n<p><span style=\"font-family: tahoma, arial, helvetica, sans-serif; font-size: 12pt;\">Der Vorstand freut sich sehr \u00fcber die netten Worte und Pr\u00e4sente. Wir bedanken uns ganz herzlich.<\/span><\/p>\n<hr \/>\n<p><span style=\"font-family: tahoma, arial, helvetica, sans-serif;\"><strong>Ostern in Drage<\/strong><\/span><\/p>\n<p><span style=\"font-family: tahoma, arial, helvetica, sans-serif;\">Begonnen hat das Drager Osterfest mit einer Premiere, zum ersten Mal wurde unter Aufsicht der Freiwilligen Feuerwehr Drage ein Osterfeuer entz\u00fcndet. Parallel dazu lief bei der Sch\u00fctzengilde das Ostereierschie\u00dfen, das die Drager B\u00fcrgermeisterin Maren F\u00fcrst mit deutlichem Vorsprung gewonnen hat und mit einem bunten Osterk\u00f6rbchen bef\u00fcllt mit festen und fl\u00fcssigen Osterleckereien belohnt wurde. Platz zwei und drei gingen an Ove Peters und Ilka Friess, die ebenfalls ein buntes Osterk\u00f6rbchen erhielten. Anschlie\u00dfend gab es Bratwurst vom Grill und zu guter Letzt sang der Drager M\u00e4nnergesangsverein mit fr\u00f6hlichen Liedern den Fr\u00fchling herbei.<\/span><\/p>\n<p><span style=\"font-family: tahoma, arial, helvetica, sans-serif;\">Am Ostermontag fand dann schlie\u00dflich das lang ersehnte Ostereisuchen f\u00fcr unsere Kinder und Ferienkinder an der Eider statt. Der Osterhase hat es sich nicht nehmen lassen, bei sch\u00f6nstem Sonnenwetter seine Mitbringsel h\u00f6chstselbst an der Badestelle zu verstecken. Jedes Kind fand sein K\u00f6rbchen und zeigte es voller Stolz den Eltern und dem Osterhasen.<\/span><\/p>\n<p><span style=\"font-family: tahoma, arial, helvetica, sans-serif;\">Unser Dank geht an alle Helferinnen und Helfer aus dem Kulturausschuss, der Drager Sch\u00fctzengilde, dem M\u00e4nnergesangsverein, der Freiwilligen Feuerwehr Drage sowie dem Osterhasen. Ohne Eure Unterst\u00fctzung w\u00e4re all das nicht m\u00f6glich gewesen.<\/span><\/p>\n<p><span style=\"font-family: tahoma, arial, helvetica, sans-serif;\">Text: Ilka Friess<br \/>\n<\/span><span style=\"font-family: tahoma, arial, helvetica, sans-serif;\">Foto: Maren F\u00fcrst\u00a0<\/span><br \/>\n<img loading=\"lazy\" decoding=\"async\" class=\"aligncenter wp-image-1592\" src=\"http:\/\/drage-nf.eu\/wp-content\/uploads\/2026\/04\/Ostern-2026.jpg\" alt=\"\" width=\"700\" height=\"460\" srcset=\"http:\/\/drage-nf.eu\/wp-content\/uploads\/2026\/04\/Ostern-2026.jpg 1496w, http:\/\/drage-nf.eu\/wp-content\/uploads\/2026\/04\/Ostern-2026-300x197.jpg 300w, http:\/\/drage-nf.eu\/wp-content\/uploads\/2026\/04\/Ostern-2026-1024x673.jpg 1024w, http:\/\/drage-nf.eu\/wp-content\/uploads\/2026\/04\/Ostern-2026-768x505.jpg 768w, http:\/\/drage-nf.eu\/wp-content\/uploads\/2026\/04\/Ostern-2026-200x131.jpg 200w\" sizes=\"auto, (max-width: 700px) 100vw, 700px\" \/><\/p>\n<hr \/>\n<p><strong><span style=\"font-family: tahoma, arial, helvetica, sans-serif; font-size: 12pt;\"><u>Schietsammeln in Drage<\/u><\/span><\/strong><\/p>\n<p><span style=\"font-family: tahoma, arial, helvetica, sans-serif; font-size: 10pt;\">Dieser gemeinsame, j\u00e4hrlich stattfindende Schietsammeltermin fand am Samstag den 21.03.2026 in Drage statt. 40 gro\u00dfe und kleine Helfer trafen sich p\u00fcnktlich um 09.30 Uhr am Dorfgemeinschaftshaus. Alle beteiligten sich an dieser Aktion damit unser Dorf von Schmutz und Umwelts\u00fcnden befreit werden konnte. 5 Trecker und 2 Bollerwagen Gruppen gingen an den Start und waren fast drei Stunden unterwegs. Gesammelt wurden Flaschen, volle M\u00fcllt\u00fcten, eine Bettdecke und vieles mehr. <\/span><\/p>\n<p><span style=\"font-family: tahoma, arial, helvetica, sans-serif; font-size: 10pt;\">F\u00fcr das Osterfeuer konnten noch viele B\u00fcsche und Zweige aufgeladen werden.<\/span><\/p>\n<p><span style=\"font-family: tahoma, arial, helvetica, sans-serif; font-size: 10pt;\">Nach dieser Aktion trafen sich alle freiwilligen Helferinnen und Helfer aller Altersgruppen noch zu einem gemeinsamen Mittagessen mit einem gem\u00fctlichen Kl\u00f6nschnack.<\/span><\/p>\n<p><span style=\"font-family: tahoma, arial, helvetica, sans-serif; font-size: 10pt;\"><em>\u201eDanke f\u00fcr Eure Hilfe\u201c<\/em><\/span><\/p>\n<p><span style=\"font-family: tahoma, arial, helvetica, sans-serif; font-size: 12pt;\"><span style=\"font-size: 10pt;\">Maren F\u00fcrst<\/span><br \/>\n<img loading=\"lazy\" decoding=\"async\" class=\"aligncenter wp-image-1585\" src=\"http:\/\/drage-nf.eu\/wp-content\/uploads\/2026\/03\/schiet1.jpg\" alt=\"\" width=\"508\" height=\"438\" srcset=\"http:\/\/drage-nf.eu\/wp-content\/uploads\/2026\/03\/schiet1.jpg 717w, http:\/\/drage-nf.eu\/wp-content\/uploads\/2026\/03\/schiet1-300x259.jpg 300w, http:\/\/drage-nf.eu\/wp-content\/uploads\/2026\/03\/schiet1-200x172.jpg 200w\" sizes=\"auto, (max-width: 508px) 100vw, 508px\" \/><img loading=\"lazy\" decoding=\"async\" class=\"aligncenter wp-image-1586 size-full\" src=\"http:\/\/drage-nf.eu\/wp-content\/uploads\/2026\/03\/schiet2.jpg\" alt=\"\" width=\"508\" height=\"233\" srcset=\"http:\/\/drage-nf.eu\/wp-content\/uploads\/2026\/03\/schiet2.jpg 508w, http:\/\/drage-nf.eu\/wp-content\/uploads\/2026\/03\/schiet2-300x138.jpg 300w, http:\/\/drage-nf.eu\/wp-content\/uploads\/2026\/03\/schiet2-200x92.jpg 200w\" sizes=\"auto, (max-width: 508px) 100vw, 508px\" \/><\/span><\/p>\n<hr \/>\n<p><span style=\"font-size: 12pt; font-family: tahoma, arial, helvetica, sans-serif;\"><strong>Dorfkrimi in Drage<\/strong><\/span><\/p>\n<p><span style=\"font-family: tahoma, arial, helvetica, sans-serif;\">Das super Highlight aus Wohlde der Dorfkrimi \u201e Kein Sch\u00f6ner Tod II\u201c war im <\/span><span style=\"font-family: tahoma, arial, helvetica, sans-serif; word-spacing: normal;\">Drager Dorfgemeinschaftshaus ein voller Erfolg.<br \/>\n88 Zuschauer nahmen am Montag den 02.03.2026 an dieser Veranstaltung teil.<br \/>\n<\/span><span style=\"font-family: tahoma, arial, helvetica, sans-serif;\">Um 18.00 Uhr begann dieser Abend mit einem vielseitigen B\u00fcffet. Jeder Besucher der sich zum Abendessen angemeldet hatte, brachte etwas f\u00fcr dieses B\u00fcffet mit. Somit war f\u00fcr jeden Geschmack etwas dabei, und es konnten viele Rezepte ausgetauscht werden. Eine super Idee!!!<br \/>\n<\/span><span style=\"font-family: tahoma, arial, helvetica, sans-serif;\">Der Film konnte p\u00fcnktlich um 19.00 Uhr gestartet werden.<br \/>\n<\/span><span style=\"font-family: tahoma, arial, helvetica, sans-serif;\">Ute Ochsenbauer stellte den Film vor und erz\u00e4hlte einige Details \u00fcber den Ablauf der Film Zeit.<br \/>\n<\/span><span style=\"font-family: tahoma, arial, helvetica, sans-serif;\">Der Film erz\u00e4hlt mit viel typisch norddeutschem Humor eine zeitgem\u00e4\u00dfe Geschichte.<br \/>\n<\/span><span style=\"font-family: tahoma, arial, helvetica, sans-serif;\">Viele idyllische Landschaftsaufnahmen aus unserem sch\u00f6nen Stapelholm waren zusehen.<br \/>\n<\/span><span style=\"font-family: tahoma, arial, helvetica, sans-serif;\">\u00dcber hundert Menschen trugen bei diesem Filmprojekt bei.<br \/>\n<\/span><span style=\"font-family: tahoma, arial, helvetica, sans-serif;\">Der Film wird zurzeit in vielen Gemeinden mit Erfolg gezeigt.<br \/>\n<\/span><span style=\"font-family: tahoma, arial, helvetica, sans-serif;\">Die B\u00fcrgermeisterin Maren F\u00fcrst und der Stellv. B\u00fcrgermeister und Kulturausschussvorsitzender Thomas Friess<br \/>\nwaren begeistert von diesem sch\u00f6nen Abend.<br \/>\n<img loading=\"lazy\" decoding=\"async\" class=\"aligncenter wp-image-1571\" src=\"http:\/\/drage-nf.eu\/wp-content\/uploads\/2026\/03\/krimi1.jpg\" alt=\"\" width=\"577\" height=\"494\" srcset=\"http:\/\/drage-nf.eu\/wp-content\/uploads\/2026\/03\/krimi1.jpg 648w, http:\/\/drage-nf.eu\/wp-content\/uploads\/2026\/03\/krimi1-300x257.jpg 300w, http:\/\/drage-nf.eu\/wp-content\/uploads\/2026\/03\/krimi1-200x171.jpg 200w\" sizes=\"auto, (max-width: 577px) 100vw, 577px\" \/><img loading=\"lazy\" decoding=\"async\" class=\"wp-image-1572 size-full aligncenter\" src=\"http:\/\/drage-nf.eu\/wp-content\/uploads\/2026\/03\/krimi2.jpg\" alt=\"\" width=\"577\" height=\"493\" srcset=\"http:\/\/drage-nf.eu\/wp-content\/uploads\/2026\/03\/krimi2.jpg 577w, http:\/\/drage-nf.eu\/wp-content\/uploads\/2026\/03\/krimi2-300x256.jpg 300w, http:\/\/drage-nf.eu\/wp-content\/uploads\/2026\/03\/krimi2-200x171.jpg 200w\" sizes=\"auto, (max-width: 577px) 100vw, 577px\" \/><\/span><\/p>\n<hr \/>\n<p><span style=\"font-size: 14pt;\"><strong>Obstbaumschnitt<\/strong><\/span><\/p>\n<p>Schutzgemeinschaft Deutscher Wald plante eine Fortbildungsveranstaltung<br \/>\nf\u00fcr Gemeindearbeiter. Schutzgemeinschaft Deutscher Wald ist ein Bund zur F\u00f6rderung<br \/>\nder Landespflege und des Naturschutzes Kreisverband Nordfriesland-Schleswig\/ Flensburg e.V.<br \/>\nDer G\u00e4rtnermeister und Pomologe Thomas Andresen f\u00fchrte mit Theorie und Praxis durch die Veranstaltung. Das Thema lautete: \u201e Pflegema\u00dfnahmen von Obstgeh\u00f6lzen\u201c.<br \/>\nBeginn der Veranstaltung war um 09.00 Uhr an der Streuobstwiese in Mildstedt.<br \/>\nDer Praktische Teil mit den Schwerpunkten war Obstbaumschnitt, Sturmsch\u00e4den an Apfelb\u00e4umen<br \/>\nund Pflanzung von B\u00e4umen. Jeder Teilnehmer musste f\u00fcr festes Schuhwerk, Bekleidung der Witterung entsprechend<br \/>\nund eine scharfe Handschere sorgen.<br \/>\nAngemeldet hatte die Gemeinde Drage den Gemeindearbeiter Thomas J\u00e4hnichen und von der<br \/>\nMobilen Einsatztruppe nahm Werner F\u00fcrst teil.<br \/>\nBeide Teilnehmer waren begeistert und hatten ihr Wissen zum Obstbaumschnitt erweitert.<br \/>\nZum Abschluss gab es noch ein gemeinsames Mittagessen.<br \/>\n<img loading=\"lazy\" decoding=\"async\" class=\"aligncenter wp-image-1567\" src=\"http:\/\/drage-nf.eu\/wp-content\/uploads\/2026\/03\/obst.jpg\" alt=\"\" width=\"700\" height=\"577\" srcset=\"http:\/\/drage-nf.eu\/wp-content\/uploads\/2026\/03\/obst.jpg 819w, http:\/\/drage-nf.eu\/wp-content\/uploads\/2026\/03\/obst-300x247.jpg 300w, http:\/\/drage-nf.eu\/wp-content\/uploads\/2026\/03\/obst-768x633.jpg 768w, http:\/\/drage-nf.eu\/wp-content\/uploads\/2026\/03\/obst-200x165.jpg 200w\" sizes=\"auto, (max-width: 700px) 100vw, 700px\" \/><\/p>\n<hr \/>\n<p><strong><u>Neujahrsempfang in Drage<\/u><\/strong><\/p>\n<p><strong>Am Samstag den 03.01.2026 fand in Drage im Dorfgemeinschaftshaus der traditionelle Neujahrsempfang statt, zu den viele Drager B\u00fcrger und B\u00fcrgerinnen eingeladen waren.<\/strong><\/p>\n<p><strong>Es war ein gelungener Start in das Neue Jahr 2026 mit vielen Gespr\u00e4chen.<\/strong><\/p>\n<p><strong>Nach dem Essen begr\u00fc\u00dfte die B\u00fcrgermeisterin alle G\u00e4ste und blickte auf das vergangene Jahr zur\u00fcck. Im Jahr 2025 gab es viele Erfolge und Herausforderungen. Auch wurde betont wie wichtig Gemeinschaft und Zusammenarbeit in der Gemeinde ist.<\/strong><\/p>\n<p><strong>Im Anschluss wurden die Filme vom \u201e Oldtimerumzug 2025\u201c und von der<\/strong><\/p>\n<p><strong>\u201eMobilen Einsatztruppe\u201c gezeigt.<\/strong><\/p>\n<p><strong>Danach war Lotto angesagt, daf\u00fcr ein Dankesch\u00f6n f\u00fcr die vielen Spenden!<\/strong><\/p>\n<p><strong>Der Neujahrsempfang war ein voller Erfolg und ich m\u00f6chte mich als B\u00fcrgermeisterin bei allen bedanken die gekommen sind, und freue mich auf das Neue Jahr!<\/strong><\/p>\n<p><strong>Maren F\u00fcrst<\/strong><\/p>\n<p><img loading=\"lazy\" decoding=\"async\" class=\"alignleft wp-image-1530 size-full\" src=\"http:\/\/drage-nf.eu\/wp-content\/uploads\/2026\/01\/Bild1.jpg\" alt=\"\" width=\"340\" height=\"222\" srcset=\"http:\/\/drage-nf.eu\/wp-content\/uploads\/2026\/01\/Bild1.jpg 340w, http:\/\/drage-nf.eu\/wp-content\/uploads\/2026\/01\/Bild1-300x196.jpg 300w, http:\/\/drage-nf.eu\/wp-content\/uploads\/2026\/01\/Bild1-200x131.jpg 200w\" sizes=\"auto, (max-width: 340px) 100vw, 340px\" \/>\u00a0 \u00a0 \u00a0 \u00a0<img loading=\"lazy\" decoding=\"async\" class=\"alignnone wp-image-1531 size-full\" src=\"http:\/\/drage-nf.eu\/wp-content\/uploads\/2026\/01\/Bild2.jpg\" alt=\"\" width=\"316\" height=\"382\" srcset=\"http:\/\/drage-nf.eu\/wp-content\/uploads\/2026\/01\/Bild2.jpg 316w, http:\/\/drage-nf.eu\/wp-content\/uploads\/2026\/01\/Bild2-248x300.jpg 248w, http:\/\/drage-nf.eu\/wp-content\/uploads\/2026\/01\/Bild2-200x242.jpg 200w\" sizes=\"auto, (max-width: 316px) 100vw, 316px\" \/><\/p>\n<hr \/>\n<p><strong><u>Weihnachtsumzug durch Drage<\/u><\/strong><\/p>\n<p><strong>Am Samstag den 20.12.2025 p\u00fcnktlich um 16.30 Uhr startete der Weihnachtsumzug durch Drage mit vielen beleuchteten Fahrzeugen.<br \/>\n<\/strong><strong>Im Vordergrund standen die weihnachtlich dekorierten Trecker mit Weihnachtsmusik. Auch ein weihnachtliches Abschleppfahrzeug, einige Mofas und ein VW K\u00e4fer fuhren vom Dorfgemeinschaftshaus los.<\/strong><\/p>\n<p><strong>Diese Lichterfahrt brachte Drage zum Leuchten!<br \/>\n<\/strong><strong>Auch der Weihnachtsmann und ein Engel fuhren auf einer Kutsche mit und verteilten kleine \u00dcberraschungen an den Kindern die am Wegesrand standen.<\/strong><\/p>\n<p><strong>Um 15.00 Uhr begann diese Veranstaltung im Dorfgemeinschaftshaus mit Waffeln, Futtjes und leckeren hei\u00dfen Getr\u00e4nken. <\/strong><\/p>\n<p><strong>Der Angelverein verkaufte wie immer zur Weihnachtszeit ger\u00e4ucherte Forellen.<br \/>\n<\/strong><strong>Zum gem\u00fctlichen Abschluss wurde gegrillt und eine erfolgreiche Lichterkolonne ging zu Ende.<\/strong><\/p>\n<p><strong>Ein gro\u00dfer Dank geht an den Ringreiterverein, die Sch\u00fctzengilde und dem DRK die f\u00fcr das leibliche Wohl gesorgt haben.<br \/>\n<\/strong><strong>Ein gro\u00dfer Dank geht auch an \u201eHof Spangenberg\u201c f\u00fcr die Nascht\u00fcten.<\/strong><\/p>\n<p><strong>So eine\u00a0 Aktion zeigt das ein Dorf zusammen h\u00e4lt!<\/strong><\/p>\n<p><strong>\u201eVielen Dank an ALLE!\u201c<br \/>\n<\/strong><\/p>\n<p><span style=\"font-size: 12pt;\"><strong><u><img loading=\"lazy\" decoding=\"async\" class=\"aligncenter wp-image-1511 size-full\" src=\"http:\/\/drage-nf.eu\/wp-content\/uploads\/2025\/12\/Bild3.jpg\" alt=\"\" width=\"605\" height=\"454\" srcset=\"http:\/\/drage-nf.eu\/wp-content\/uploads\/2025\/12\/Bild3.jpg 605w, http:\/\/drage-nf.eu\/wp-content\/uploads\/2025\/12\/Bild3-300x225.jpg 300w, http:\/\/drage-nf.eu\/wp-content\/uploads\/2025\/12\/Bild3-200x150.jpg 200w\" sizes=\"auto, (max-width: 605px) 100vw, 605px\" \/><br \/>\n<img loading=\"lazy\" decoding=\"async\" class=\"aligncenter wp-image-1510 size-full\" src=\"http:\/\/drage-nf.eu\/wp-content\/uploads\/2025\/12\/Bild2.jpg\" alt=\"\" width=\"383\" height=\"401\" srcset=\"http:\/\/drage-nf.eu\/wp-content\/uploads\/2025\/12\/Bild2.jpg 383w, http:\/\/drage-nf.eu\/wp-content\/uploads\/2025\/12\/Bild2-287x300.jpg 287w, http:\/\/drage-nf.eu\/wp-content\/uploads\/2025\/12\/Bild2-200x209.jpg 200w\" sizes=\"auto, (max-width: 383px) 100vw, 383px\" \/><br \/>\n<img loading=\"lazy\" decoding=\"async\" class=\"aligncenter wp-image-1509\" src=\"http:\/\/drage-nf.eu\/wp-content\/uploads\/2025\/12\/Bild1.jpg\" alt=\"\" width=\"605\" height=\"576\" srcset=\"http:\/\/drage-nf.eu\/wp-content\/uploads\/2025\/12\/Bild1.jpg 816w, http:\/\/drage-nf.eu\/wp-content\/uploads\/2025\/12\/Bild1-300x286.jpg 300w, http:\/\/drage-nf.eu\/wp-content\/uploads\/2025\/12\/Bild1-768x731.jpg 768w, http:\/\/drage-nf.eu\/wp-content\/uploads\/2025\/12\/Bild1-200x190.jpg 200w\" sizes=\"auto, (max-width: 605px) 100vw, 605px\" \/><\/u><\/strong><\/span><\/p>\n<hr \/>\n<p><span style=\"font-size: 12pt;\"><strong><u>Pflicht zur Stra\u00dfenreinigung<\/u><\/strong><\/span><\/p>\n<p><strong>Die Reinigungspflicht umfasst die Beseitigung von Laub und Bewuchs von den anliegenden Grundst\u00fccken, wenn dadurch der Stra\u00dfenverkehr behindert wird und die nutzbare Breite von Geh- und Radwegen eingeschr\u00e4nkt ist.<\/strong><\/p>\n<p><strong>Herunterfallendes Laub setzt die Stra\u00dfenabl\u00e4ufe zu und erschwert somit den Ablauf des Regenwassers.<\/strong><\/p>\n<p><strong>Ferner m\u00fcssen die Verkehrszeichen und sonstige Schilder uneingeschr\u00e4nkt sichtbar sein. Die Stra\u00dfenleuchten sollten zudem ungehindert die Fahrbahnen ausleuchten k\u00f6nnen.<\/strong><\/p>\n<p><strong>\u00a0<\/strong><strong>Zur Reinigung geh\u00f6rt auch der Winterdienst. Dieser umfasst das Schneer\u00e4umen auf den Fahrbahnen , Gehwegen und den begehbaren Seitenstreifen sowie bei Schnee- und Eisgl\u00e4tte das Bestreuen der Gehwege , der begehbaren\u00a0 Seitenstreifen; Fu\u00dfg\u00e4nger\u00fcberwege und der besonders gef\u00e4hrlichen Stellen auf den Fahrbahnen, bei denen die Gefahr auch bei Anwendung der im Verkehr erforderlichen Sorgfalt nicht oder nicht rechtzeitig erkennbar ist.<\/strong><\/p>\n<p><strong>\u00a0<\/strong><strong>Die Gehwege sind in mindestens einer Breite von 1,00m von Schnee freizuhalten und ab zu streuen. Bei Eis- und Schneegl\u00e4tte sind die besonders gef\u00e4hrlichen Stellen auf den von den Grundst\u00fcckseigent\u00fcmern zu reinigen Fahrbahnen wenn n\u00f6tig auch wiederholend zu bestreuen.<\/strong><\/p>\n<p><strong>In der Zeit von 7.00 Uhr bis 20.00 Uhr gefallener Schnee und entstandene Gl\u00e4tte sind unverz\u00fcglich nach Beendigung des Schneefalls bzw. nach dem Entstehen der Gl\u00e4tte zu beseitigen. Nach 20.00 Uhr gefallener Schnee und entstandene Gl\u00e4tte sind Werktags bis 7.00 Uhr. sonn- und feiertags bis 9.00 Uhr des folgenden Tages zu beseitigen. Der Schnee ist auf dem an die Fahrbahn grenzenden Teil des Gehweges oder wo dies nicht m\u00f6glich ist auf dem Fahrbahnrand so zu lagern, dass der Fu\u00dfg\u00e4nger und Fahrverkehr hierdurch nicht mehr gef\u00e4hrdet oder behindert wird.<\/strong><\/p>\n<p><strong>\u00a0<\/strong><strong>Maren F\u00fcrst<\/strong><\/p>\n<hr \/>\n<p><strong><img loading=\"lazy\" decoding=\"async\" class=\"aligncenter wp-image-1459\" src=\"http:\/\/drage-nf.eu\/wp-content\/uploads\/2025\/11\/orange-bank2-scaled.jpg\" alt=\"\" width=\"700\" height=\"984\" srcset=\"http:\/\/drage-nf.eu\/wp-content\/uploads\/2025\/11\/orange-bank2-scaled.jpg 1821w, http:\/\/drage-nf.eu\/wp-content\/uploads\/2025\/11\/orange-bank2-213x300.jpg 213w, http:\/\/drage-nf.eu\/wp-content\/uploads\/2025\/11\/orange-bank2-728x1024.jpg 728w, http:\/\/drage-nf.eu\/wp-content\/uploads\/2025\/11\/orange-bank2-768x1080.jpg 768w, http:\/\/drage-nf.eu\/wp-content\/uploads\/2025\/11\/orange-bank2-1092x1536.jpg 1092w, http:\/\/drage-nf.eu\/wp-content\/uploads\/2025\/11\/orange-bank2-1457x2048.jpg 1457w, http:\/\/drage-nf.eu\/wp-content\/uploads\/2025\/11\/orange-bank2-200x281.jpg 200w\" sizes=\"auto, (max-width: 700px) 100vw, 700px\" \/><img loading=\"lazy\" decoding=\"async\" class=\"aligncenter wp-image-1458\" src=\"http:\/\/drage-nf.eu\/wp-content\/uploads\/2025\/11\/orange-Bank-scaled.jpg\" alt=\"\" width=\"700\" height=\"467\" srcset=\"http:\/\/drage-nf.eu\/wp-content\/uploads\/2025\/11\/orange-Bank-scaled.jpg 2560w, http:\/\/drage-nf.eu\/wp-content\/uploads\/2025\/11\/orange-Bank-300x200.jpg 300w, http:\/\/drage-nf.eu\/wp-content\/uploads\/2025\/11\/orange-Bank-1024x683.jpg 1024w, http:\/\/drage-nf.eu\/wp-content\/uploads\/2025\/11\/orange-Bank-768x512.jpg 768w, http:\/\/drage-nf.eu\/wp-content\/uploads\/2025\/11\/orange-Bank-1536x1024.jpg 1536w, http:\/\/drage-nf.eu\/wp-content\/uploads\/2025\/11\/orange-Bank-2048x1366.jpg 2048w, http:\/\/drage-nf.eu\/wp-content\/uploads\/2025\/11\/orange-Bank-200x133.jpg 200w\" sizes=\"auto, (max-width: 700px) 100vw, 700px\" \/><br \/>\n<\/strong><\/p>\n<hr \/>\n<p><strong>\u00a0<\/strong><\/p>\n<p>&nbsp;<\/p>\n<p style=\"text-align: center;\"><span style=\"font-size: 18pt;\"><strong><u><img loading=\"lazy\" decoding=\"async\" class=\"aligncenter wp-image-1253\" src=\"http:\/\/drage-nf.eu\/wp-content\/uploads\/2025\/08\/IMG_20250802_0001-scaled.jpg\" alt=\"\" width=\"700\" height=\"811\" srcset=\"http:\/\/drage-nf.eu\/wp-content\/uploads\/2025\/08\/IMG_20250802_0001-scaled.jpg 2210w, http:\/\/drage-nf.eu\/wp-content\/uploads\/2025\/08\/IMG_20250802_0001-259x300.jpg 259w, http:\/\/drage-nf.eu\/wp-content\/uploads\/2025\/08\/IMG_20250802_0001-884x1024.jpg 884w, http:\/\/drage-nf.eu\/wp-content\/uploads\/2025\/08\/IMG_20250802_0001-768x890.jpg 768w, http:\/\/drage-nf.eu\/wp-content\/uploads\/2025\/08\/IMG_20250802_0001-1326x1536.jpg 1326w, http:\/\/drage-nf.eu\/wp-content\/uploads\/2025\/08\/IMG_20250802_0001-1768x2048.jpg 1768w, http:\/\/drage-nf.eu\/wp-content\/uploads\/2025\/08\/IMG_20250802_0001-200x232.jpg 200w\" sizes=\"auto, (max-width: 700px) 100vw, 700px\" \/><\/u><\/strong><\/span><\/p>\n<hr \/>\n<p><span style=\"font-family: tahoma, arial, helvetica, sans-serif;\"><strong>DRK Ortsverein Drage<br \/>\n<\/strong>Weihnachtsfeier<\/span><\/p>\n<p><span style=\"font-family: tahoma, arial, helvetica, sans-serif;\">Am 8. Dezember 2025 hatte der\u00a0 DRK Ortsverein Drage zur Weihnachtsfeier\u00a0 eingeladen.<\/span><br \/>\n<span style=\"font-family: tahoma, arial, helvetica, sans-serif;\">Dieser Einladung waren viele Bewohner von Drage gefolgt.<\/span><\/p>\n<p><span style=\"font-family: tahoma, arial, helvetica, sans-serif;\">Die 1. Vorsitzende Elke Hinrichsen begr\u00fc\u00dfte alle recht herzlich. Besonders begr\u00fc\u00dfte sie die B\u00fcrgermeisterin Maren F\u00fcrst und den Pastor Herrn Alexander Westbrock von unserer Kirchengemeinde.<\/span><br \/>\n<span style=\"font-family: tahoma, arial, helvetica, sans-serif;\">Unser M\u00e4nnergesangverein Drage stimmte uns mit seinen Liedern auf die Weihnachtszeit ein.<\/span><\/p>\n<p><span style=\"font-family: tahoma, arial, helvetica, sans-serif;\">Anschlie\u00dfend sa\u00dfen wir bei leckeren Torten und bunten Tellern zum Kaffeetrinken zusammen.<\/span><br \/>\n<span style=\"font-family: tahoma, arial, helvetica, sans-serif;\">Die Seeth\/Drager Theaterkinder erfreuten uns mit 2 Sketchen. Daf\u00fcr bedanken wir uns ganz herzlich, es war so sch\u00f6n. Die B\u00fcrgermeisterin \u00fcberbrachte die Weihnachtsgr\u00fc\u00dfe von der Gemeinde und Herr Pastor Westbrock las uns eine Geschichte vor.<\/span><br \/>\n<span style=\"font-family: tahoma, arial, helvetica, sans-serif;\">Beim Gl\u00fchwein wurden noch gemeinsam Weihnachtslieder gesungen.<\/span><\/p>\n<p><span style=\"font-family: tahoma, arial, helvetica, sans-serif;\">Es war ein sch\u00f6ner Nachmittag.<\/span><\/p>\n<p><span style=\"font-family: tahoma, arial, helvetica, sans-serif;\"><strong>Wir w\u00fcnschen allen ein gesundes Neues Jahr.<\/strong><\/span><\/p>\n<p><img loading=\"lazy\" decoding=\"async\" class=\"aligncenter wp-image-1472\" src=\"http:\/\/drage-nf.eu\/wp-content\/uploads\/2025\/12\/DRK1.jpg\" alt=\"\" width=\"700\" height=\"525\" srcset=\"http:\/\/drage-nf.eu\/wp-content\/uploads\/2025\/12\/DRK1.jpg 1600w, http:\/\/drage-nf.eu\/wp-content\/uploads\/2025\/12\/DRK1-300x225.jpg 300w, http:\/\/drage-nf.eu\/wp-content\/uploads\/2025\/12\/DRK1-1024x768.jpg 1024w, http:\/\/drage-nf.eu\/wp-content\/uploads\/2025\/12\/DRK1-768x576.jpg 768w, http:\/\/drage-nf.eu\/wp-content\/uploads\/2025\/12\/DRK1-1536x1152.jpg 1536w, http:\/\/drage-nf.eu\/wp-content\/uploads\/2025\/12\/DRK1-200x150.jpg 200w\" sizes=\"auto, (max-width: 700px) 100vw, 700px\" \/><br \/>\n<img loading=\"lazy\" decoding=\"async\" class=\"aligncenter wp-image-1473\" src=\"http:\/\/drage-nf.eu\/wp-content\/uploads\/2025\/12\/DRK2.jpg\" alt=\"\" width=\"700\" height=\"628\" srcset=\"http:\/\/drage-nf.eu\/wp-content\/uploads\/2025\/12\/DRK2.jpg 1600w, http:\/\/drage-nf.eu\/wp-content\/uploads\/2025\/12\/DRK2-300x269.jpg 300w, http:\/\/drage-nf.eu\/wp-content\/uploads\/2025\/12\/DRK2-1024x919.jpg 1024w, http:\/\/drage-nf.eu\/wp-content\/uploads\/2025\/12\/DRK2-768x689.jpg 768w, http:\/\/drage-nf.eu\/wp-content\/uploads\/2025\/12\/DRK2-1536x1379.jpg 1536w, http:\/\/drage-nf.eu\/wp-content\/uploads\/2025\/12\/DRK2-200x180.jpg 200w\" sizes=\"auto, (max-width: 700px) 100vw, 700px\" \/><\/p>\n<hr \/>\n<p><span style=\"font-family: tahoma, arial, helvetica, sans-serif; font-size: 12pt;\"><strong><u>Volkstrauertag in Drage<\/u><\/strong><\/span><\/p>\n<p><span style=\"font-family: tahoma, arial, helvetica, sans-serif;\">An diesem Tag wurde in der Gemeinde Drage wieder an die Opfer von Krieg und Gewalt gedacht.<br \/>\nWir erinnerten gemeinsam an die Millionen Menschen die Ihr Leben verloren, an die auseinander gerissenen Familien,<br \/>\nund Gemeinden bzw. St\u00e4dte die zerst\u00f6rt wurden.<\/span><\/p>\n<p><span style=\"font-family: tahoma, arial, helvetica, sans-serif;\">Wir m\u00fcssen uns an die Vergangenheit erinnern, um aus Ihr zu lernen und eine bessere Zukunft zu bauen.<\/span><\/p>\n<p><span style=\"font-family: tahoma, arial, helvetica, sans-serif;\">Leider m\u00fcssen wir immer wieder und auch ganz aktuell erfahren, wie br\u00fcchig Frieden ist.<\/span><\/p>\n<p><span style=\"font-family: tahoma, arial, helvetica, sans-serif;\">Wir sehen wie St\u00e4dte zerbombt werden, wie Hunderttausende \u00fcber Nacht obdachlos sind und Ihre Heimat verlassen m\u00fcssen.<\/span><\/p>\n<p><span style=\"font-family: tahoma, arial, helvetica, sans-serif;\">An diesem Volkstrauertag haben wir wieder unser Ehrenmal in Drage mit Kr\u00e4nzen geschm\u00fcckt.<\/span><\/p>\n<p><span style=\"font-family: tahoma, arial, helvetica, sans-serif;\">Bedanken m\u00f6chte ich mich bei der Feuerwehr, M\u00e4nnergesangsverein, Sch\u00fctzengilde und der Gemeindevertretung f\u00fcr die Teilnahme.<\/span><\/p>\n<p><span style=\"font-family: tahoma, arial, helvetica, sans-serif;\">Maren F\u00fcrst<br \/>\n<img loading=\"lazy\" decoding=\"async\" class=\"alignnone wp-image-1442\" src=\"http:\/\/drage-nf.eu\/wp-content\/uploads\/2025\/11\/volks1.jpg\" alt=\"\" width=\"350\" height=\"243\" srcset=\"http:\/\/drage-nf.eu\/wp-content\/uploads\/2025\/11\/volks1.jpg 771w, http:\/\/drage-nf.eu\/wp-content\/uploads\/2025\/11\/volks1-300x208.jpg 300w, http:\/\/drage-nf.eu\/wp-content\/uploads\/2025\/11\/volks1-768x533.jpg 768w, http:\/\/drage-nf.eu\/wp-content\/uploads\/2025\/11\/volks1-200x139.jpg 200w\" sizes=\"auto, (max-width: 350px) 100vw, 350px\" \/><img loading=\"lazy\" decoding=\"async\" class=\"alignnone wp-image-1443\" src=\"http:\/\/drage-nf.eu\/wp-content\/uploads\/2025\/11\/volks2.jpg\" alt=\"\" width=\"350\" height=\"235\" srcset=\"http:\/\/drage-nf.eu\/wp-content\/uploads\/2025\/11\/volks2.jpg 788w, http:\/\/drage-nf.eu\/wp-content\/uploads\/2025\/11\/volks2-300x202.jpg 300w, http:\/\/drage-nf.eu\/wp-content\/uploads\/2025\/11\/volks2-768x517.jpg 768w, http:\/\/drage-nf.eu\/wp-content\/uploads\/2025\/11\/volks2-200x135.jpg 200w\" sizes=\"auto, (max-width: 350px) 100vw, 350px\" \/><\/span><\/p>\n<hr \/>\n<p><strong><span style=\"font-family: tahoma, arial, helvetica, sans-serif;\">Ich gehe mit meiner Laterne und meine Laterne mit mir\u2026<\/span><\/strong><\/p>\n<p><span style=\"font-family: tahoma, arial, helvetica, sans-serif;\">Am 14.11.2025 war es in Drage wieder so weit. Der D\u00e4nische Kindergarten und die Kinderfestinitiative haben sich erneut zusammengetan und trafen sich am d\u00e4nischen Kindergarten f\u00fcr das diesj\u00e4hrige Laterne laufen.<\/span><\/p>\n<p><span style=\"font-family: tahoma, arial, helvetica, sans-serif;\">Trotz des andauernden Regens tags\u00fcber, sammelten sich dort viele Kinder mit wundersch\u00f6nen, selbst gestalteten Laternen. Auch Eltern, Gro\u00dfeltern, Verwandte und Freunde kamen in gro\u00dfer Zahl zur Unterst\u00fctzung.<\/span><\/p>\n<p><span style=\"font-family: tahoma, arial, helvetica, sans-serif;\">Dieses Jahr er\u00f6ffnete Steve Gr\u00f6ne den Umzug mit Gitarre und zwei Liedern, bevor der Umzug sich auf den Weg zum Altenheim Dahrenhof machte.<\/span><\/p>\n<p><span style=\"font-family: tahoma, arial, helvetica, sans-serif;\">Dort begab sich der Umzug in den Wintergarten, wo er bereits sehns\u00fcchtig von den Bewohnern erwartet wurde.<\/span><\/p>\n<p><span style=\"font-family: tahoma, arial, helvetica, sans-serif;\">Wieder z\u00fcckte Steve die Gitarre und alle zusammen sangen wieder die sch\u00f6nen Laterne Lieder. Hier gl\u00e4nzten nicht nur die Augen der Kinder.<\/span><\/p>\n<p><span style=\"font-family: tahoma, arial, helvetica, sans-serif;\">Weiter ging der Umzug noch durchs Dorf, begleitet von einer mit lichtern geschm\u00fcckten Musikbox im Bollerwagen.<\/span><\/p>\n<p><span style=\"font-family: tahoma, arial, helvetica, sans-serif;\">Zum Schluss versammelte man sich am Dorfgemeinschaftshaus f\u00fcr zwei letzte Lieder, bevor sich jeder bei Fleisch, Wurst, Pommes und hei\u00dfem Kakao st\u00e4rken konnten.<\/span><\/p>\n<p><span style=\"font-family: tahoma, arial, helvetica, sans-serif;\">Vielen Dank an Steve f\u00fcr seine musikalische Unterst\u00fctzung und Begleitung, an die Feuerwehr Drage, f\u00fcr die Absicherung und Begleitung des Umzugs mit Fackeln, an die beiden kr\u00e4ftigen M\u00e4dels die den Bollerwagen mit der Musikbox die ganze Zeit gezogen haben, den Leihgeber der Musikbox, sowie allen Unterst\u00fctzern und Helfern, allen voran unseren altbew\u00e4hrten professionellen Grillern Wolle und J\u00f6rg, sowie dem Pommes Profi Kai.<\/span><\/p>\n<hr \/>\n<p>&nbsp;<\/p>\n<p style=\"text-align: center;\"><span style=\"font-family: tahoma, arial, helvetica, sans-serif; font-size: 12pt;\"><strong><u>Renovierung der Bushaltestelle in Drage<\/u><\/strong><\/span><\/p>\n<p style=\"text-align: center;\"><span style=\"font-family: tahoma, arial, helvetica, sans-serif; font-size: 12pt;\">Ich m\u00f6chte einmal informieren, dass wir unsere Bushaltestelle in der Dorfmitte renoviert haben. Die Wartehalle ist mit bunten Farben und kreativen Figuren zu einem echten Hingucker in unserem Ort geworden. Das Projekt wurde von der Drager Mobilen Einsatztruppe durchgef\u00fchrt.<\/span><\/p>\n<p style=\"text-align: center;\"><span style=\"font-family: tahoma, arial, helvetica, sans-serif; font-size: 12pt;\">F\u00fcr die bunten Figuren waren kleine K\u00fcnstler der 2. Klasse aus der Schule an der Treene zust\u00e4ndig. Mit Begeisterung waren alle Drager Sch\u00fcler und auch Lehrer und Betreuer dabei.<\/span><\/p>\n<p style=\"text-align: center;\"><span style=\"font-family: tahoma, arial, helvetica, sans-serif; font-size: 12pt;\">Die runde Bank konnte dank der Mobilen Einsatztruppe auch erneuert und stabilisiert werden.<\/span><\/p>\n<p style=\"text-align: center;\"><span style=\"font-family: tahoma, arial, helvetica, sans-serif; font-size: 12pt;\"><strong>\u201eNur gemeinsam sind wir stark, und k\u00f6nnen so viele Projekte umsetzen!\u201c<\/strong><\/span><\/p>\n<p style=\"text-align: center;\"><span style=\"font-family: tahoma, arial, helvetica, sans-serif; font-size: 12pt;\">Ich hoffe, dass die neue Gestaltung der Bushaltestelle allen gefallen wird, und man sich w\u00e4hrend der Wartezeit wohlf\u00fchlt.<\/span><\/p>\n<p style=\"text-align: center;\"><span style=\"font-family: tahoma, arial, helvetica, sans-serif; font-size: 12pt;\">Es ist auch ein wichtiger Schritt um unsere Infrastruktur zu verbessern und die Mobilit\u00e4t zu erleichtern.<\/span><\/p>\n<p style=\"text-align: center;\"><span style=\"font-family: tahoma, arial, helvetica, sans-serif; font-size: 12pt;\"><strong>Ein gro\u00dfes Dankesch\u00f6n!!!!! <\/strong><\/span><\/p>\n<p style=\"text-align: center;\"><span style=\"font-family: tahoma, arial, helvetica, sans-serif; font-size: 12pt;\">Maren F\u00fcrst<\/span><\/p>\n<p style=\"text-align: center;\"><strong><u><img loading=\"lazy\" decoding=\"async\" class=\"aligncenter wp-image-1428 size-large\" src=\"http:\/\/drage-nf.eu\/wp-content\/uploads\/2025\/11\/motr26-1024x768.jpg\" alt=\"\" width=\"450\" height=\"338\" srcset=\"http:\/\/drage-nf.eu\/wp-content\/uploads\/2025\/11\/motr26-1024x768.jpg 1024w, http:\/\/drage-nf.eu\/wp-content\/uploads\/2025\/11\/motr26-300x225.jpg 300w, http:\/\/drage-nf.eu\/wp-content\/uploads\/2025\/11\/motr26-768x576.jpg 768w, http:\/\/drage-nf.eu\/wp-content\/uploads\/2025\/11\/motr26-1536x1152.jpg 1536w, http:\/\/drage-nf.eu\/wp-content\/uploads\/2025\/11\/motr26-200x150.jpg 200w, http:\/\/drage-nf.eu\/wp-content\/uploads\/2025\/11\/motr26.jpg 2040w\" sizes=\"auto, (max-width: 450px) 100vw, 450px\" \/><br \/>\n<\/u><\/strong><\/p>\n<hr \/>\n<p style=\"text-align: center;\"><strong><u>Mobile Einsatztruppe Drage<\/u><\/strong><\/p>\n<p style=\"text-align: center;\"><strong>Am Donnerstag den 21.08.2025 konnte wieder p\u00fcnktlich um 09.00 Uhr die Mobile Einsatztruppe an den Start gehen. Bei diesem Termin war das Fernsehen SAT 1 zu Gast bei uns in Drage und hat die Truppe begleitet. <\/strong><\/p>\n<p style=\"text-align: center;\"><strong>Das Innenteil der Bushaltestelle wurde gestrichen, die Verkehrsschilder konnten gereinigt werden, ein Schild und die B\u00e4nke bekamen an der Badestelle neue Farbe, der Podest am Hintereingang vom Dorfgemeinschaftshaus ist jetzt barrierefrei.<\/strong><\/p>\n<p style=\"text-align: center;\"><strong>Auch waren zum Mittagessen zwei K\u00fcchenfeen aktiv.<\/strong><\/p>\n<p style=\"text-align: center;\"><strong>Ich m\u00f6chte mich an dieser Stelle f\u00fcr Eure unerm\u00fcdliche Arbeit und Euer Engagement in unserer Gemeinde bedanken.<\/strong><\/p>\n<p style=\"text-align: center;\"><strong>Dieser Einsatz st\u00e4rkt die Gemeinschaft und f\u00f6rdert die Zusammenarbeit in unserer Gemeinde!<br \/>\n<a href=\"http:\/\/drage-nf.eu\/?page_id=1273\"><span style=\"font-size: 12pt;\"><img loading=\"lazy\" decoding=\"async\" class=\"aligncenter wp-image-1284\" src=\"http:\/\/drage-nf.eu\/wp-content\/uploads\/2025\/08\/motr10.jpg\" alt=\"\" width=\"700\" height=\"467\" srcset=\"http:\/\/drage-nf.eu\/wp-content\/uploads\/2025\/08\/motr10.jpg 2048w, http:\/\/drage-nf.eu\/wp-content\/uploads\/2025\/08\/motr10-300x200.jpg 300w, http:\/\/drage-nf.eu\/wp-content\/uploads\/2025\/08\/motr10-1024x683.jpg 1024w, http:\/\/drage-nf.eu\/wp-content\/uploads\/2025\/08\/motr10-768x512.jpg 768w, http:\/\/drage-nf.eu\/wp-content\/uploads\/2025\/08\/motr10-1536x1024.jpg 1536w, http:\/\/drage-nf.eu\/wp-content\/uploads\/2025\/08\/motr10-200x133.jpg 200w\" sizes=\"auto, (max-width: 700px) 100vw, 700px\" \/>Weitere Bilder\u00a0 \u00a0<\/span><\/a><\/strong><\/p>\n<p style=\"text-align: center;\"><a href=\"https:\/\/www.sat1regional.de\/mobile-einsatztruppe-senioren-packen-ehrenamtlich-in-drage-mit-an\/\"><span style=\"font-size: 14pt;\">Video von Mobiler Einsatztruppe bei Sat1<\/span><\/a><\/p>\n<hr \/>\n<p>&nbsp;<\/p>\n<p><span style=\"font-size: 14pt;\"><strong><img loading=\"lazy\" decoding=\"async\" class=\"aligncenter wp-image-1249\" src=\"http:\/\/drage-nf.eu\/wp-content\/uploads\/2025\/07\/verkauf.jpg\" alt=\"\" width=\"700\" height=\"701\" srcset=\"http:\/\/drage-nf.eu\/wp-content\/uploads\/2025\/07\/verkauf.jpg 2472w, http:\/\/drage-nf.eu\/wp-content\/uploads\/2025\/07\/verkauf-300x300.jpg 300w, http:\/\/drage-nf.eu\/wp-content\/uploads\/2025\/07\/verkauf-1022x1024.jpg 1022w, http:\/\/drage-nf.eu\/wp-content\/uploads\/2025\/07\/verkauf-150x150.jpg 150w, http:\/\/drage-nf.eu\/wp-content\/uploads\/2025\/07\/verkauf-768x770.jpg 768w, http:\/\/drage-nf.eu\/wp-content\/uploads\/2025\/07\/verkauf-1533x1536.jpg 1533w, http:\/\/drage-nf.eu\/wp-content\/uploads\/2025\/07\/verkauf-2044x2048.jpg 2044w, http:\/\/drage-nf.eu\/wp-content\/uploads\/2025\/07\/verkauf-200x200.jpg 200w\" sizes=\"auto, (max-width: 700px) 100vw, 700px\" \/><\/strong><\/span><\/p>\n<hr \/>\n<p style=\"text-align: center;\"><span style=\"font-size: 14pt;\"><strong>\u00a0<\/strong><\/span><strong><span style=\"font-size: 14pt;\">\u00a0<\/span><\/strong><span style=\"font-family: 'comic sans ms', sans-serif; font-size: 14pt;\"><strong>F U T T E R H \u00c4 U S E R B A U\u00a0 I N\u00a0 D R A G E<\/strong><\/span><span style=\"font-family: tahoma, arial, helvetica, sans-serif;\"><strong><u><br \/>\n<img loading=\"lazy\" decoding=\"async\" class=\"aligncenter wp-image-1418\" src=\"http:\/\/drage-nf.eu\/wp-content\/uploads\/2025\/10\/futterhaus.jpg\" alt=\"\" width=\"700\" height=\"488\" srcset=\"http:\/\/drage-nf.eu\/wp-content\/uploads\/2025\/10\/futterhaus.jpg 1533w, http:\/\/drage-nf.eu\/wp-content\/uploads\/2025\/10\/futterhaus-300x209.jpg 300w, http:\/\/drage-nf.eu\/wp-content\/uploads\/2025\/10\/futterhaus-1024x713.jpg 1024w, http:\/\/drage-nf.eu\/wp-content\/uploads\/2025\/10\/futterhaus-768x535.jpg 768w, http:\/\/drage-nf.eu\/wp-content\/uploads\/2025\/10\/futterhaus-200x139.jpg 200w\" sizes=\"auto, (max-width: 700px) 100vw, 700px\" \/><\/u><\/strong><\/span><\/p>\n<p>Am 22. Oktober 2025 trafen sich mehr als 40 Kinder und Erwachsene im Sch\u00fctzenheim in Drage,<br \/>\num Futterh\u00e4user f\u00fcr V\u00f6gel zu bauen.<\/p>\n<p>Als um 14 Uhr die Baus\u00e4tze f\u00fcr die Futterh\u00e4user verteilt waren, herrschte ein wenig Ratlosigkeit, aber schon nach kurzer Zeit war klar, wie so ein Futterhaus zusammengebaut werden muss und mit gegenseitiger Unterst\u00fctzung waren am Ende der Veranstaltung alle stolze Besitzer eines Futterhauses.<\/p>\n<p>F\u00fcr jedes fertige Futterhaus gab es eine kleine T\u00fcte mit Vogelfutter.<\/p>\n<p>Wir freuen uns \u00fcber die tolle Veranstaltung, bei der alle viel Spa\u00df hatten und bedanken uns ganz herzlich<\/p>\n<p>&#8211; bei allen kleinen und gro\u00dfen Futterh\u00e4usererbauern<br \/>\n&#8211; beim Sch\u00fctzenverein f\u00fcr die \u00dcberlassung des Sch\u00fctzenheims<br \/>\n&#8211; bei Herrn Dzykowski, der die Baus\u00e4tze f\u00fcr die Futterh\u00e4user hergestellt hat<br \/>\n&#8211; bei der Gemeinde Drage f\u00fcr die \u00dcbernahme eines Anteils der Kosten f\u00fcr die Baus\u00e4tze<\/p>\n<p>Lasst euch \u00fcberraschen, was wir f\u00fcr die n\u00e4chste Herbstferienaktion planen.<\/p>\n<p>Finja Spangenberg und Ulrike Niko<\/p>\n<p>im Namen der <strong>K<\/strong>ommunalen <strong>W<\/strong>\u00e4hler <strong>V<\/strong>ereinigung <strong>D<\/strong>rage<\/p>\n<hr \/>\n<p style=\"text-align: center;\"><span style=\"font-family: tahoma, arial, helvetica, sans-serif;\"><strong><u>\u201eDe Seeth- Droger Theoderl\u00fc\u00fcd\u201c <\/u><\/strong><\/span><\/p>\n<p style=\"text-align: center;\"><span style=\"font-family: tahoma, arial, helvetica, sans-serif;\"><strong><em><u>Stra\u00dfen Bo\u00dfeln<\/u><\/em><\/strong><\/span><\/p>\n<p style=\"text-align: center;\"><strong><span style=\"font-family: tahoma, arial, helvetica, sans-serif;\">Am Freitag den 03.10.2025 p\u00fcnktlich um 13.00 Uhr bei super Wetter begann f\u00fcr die<br \/>\nTheatergruppe das Stra\u00dfen Bo\u00dfeln.<\/span><\/strong><\/p>\n<p style=\"text-align: center;\"><strong><span style=\"font-family: tahoma, arial, helvetica, sans-serif;\">Mit 20 Theaterspieler (4 Mannschaften) wurde Richtung Feddersdeich in Drage gestartet.<\/span><\/strong><\/p>\n<p style=\"text-align: center;\"><strong><span style=\"font-family: tahoma, arial, helvetica, sans-serif;\">Bei einer Gesamtstrecke von 8 km hat jeder Theaterspieler von jung bis alt gut durch gehalten.<\/span><\/strong><\/p>\n<p style=\"text-align: center;\"><strong><span style=\"font-family: tahoma, arial, helvetica, sans-serif;\">Zur St\u00e4rkung mussten alle Spieler im Wechsel die vollgef\u00fcllten und lebensnotwendigen Bollerwagen ziehen.<\/span><\/strong><\/p>\n<p style=\"text-align: center;\"><strong><span style=\"font-family: tahoma, arial, helvetica, sans-serif;\">Beim Bo\u00dfeln wird eine Gummikugel verwendet und mit viel Schwung \u00fcber die Stra\u00dfe gerollt.<br \/>\nDie Wurftechnik ist \u00e4hnlich wie beim Kegeln.<\/span><\/strong><\/p>\n<p style=\"text-align: center;\"><strong><span style=\"font-family: tahoma, arial, helvetica, sans-serif;\">Ziel ist es die jeweilige Bo\u00dfelstrecke mit m\u00f6glichst wenigen W\u00fcrfen zu \u00fcberwinden.<br \/>\nDie Mannschaft die daf\u00fcr die wenigsten W\u00fcrfe ben\u00f6tigt hat gewonnen.<\/span><\/strong><\/p>\n<p style=\"text-align: center;\"><strong><span style=\"font-family: tahoma, arial, helvetica, sans-serif;\">Um 18.00 Uhr trafen sich alle Mannschaften gemeinsam zu einem gem\u00fctlichen Essen<br \/>\nim Drager Dorfgemeinschaftshaus.<\/span><\/strong><\/p>\n<p style=\"text-align: center;\"><strong><span style=\"font-family: tahoma, arial, helvetica, sans-serif;\">Danach fand die Siegerehrung statt.<\/span><\/strong><\/p>\n<p style=\"text-align: center;\"><span style=\"font-family: tahoma, arial, helvetica, sans-serif;\"><strong>Alle waren sich einig, im n\u00e4chsten Jahr wird wieder zum Stra\u00dfen Bo\u00dfeln gestartet!<\/strong><br \/>\n<img loading=\"lazy\" decoding=\"async\" class=\"aligncenter wp-image-1391 size-full\" src=\"http:\/\/drage-nf.eu\/wp-content\/uploads\/2025\/10\/bosseln.jpg\" alt=\"\" width=\"535\" height=\"364\" srcset=\"http:\/\/drage-nf.eu\/wp-content\/uploads\/2025\/10\/bosseln.jpg 535w, http:\/\/drage-nf.eu\/wp-content\/uploads\/2025\/10\/bosseln-300x204.jpg 300w, http:\/\/drage-nf.eu\/wp-content\/uploads\/2025\/10\/bosseln-200x136.jpg 200w\" sizes=\"auto, (max-width: 535px) 100vw, 535px\" \/><\/span><\/p>\n<hr \/>\n<p><strong><u>Ausflug nach Fehmarn<\/u><\/strong><\/p>\n<p><strong>Das Drag-S\u00fcd-See-Team war am Samstag den 30.08.2025 , immer der letzte Samstag im August, wieder aktiv unterwegs.<\/strong><\/p>\n<p><strong>Mit dem Busunternehmen aus Lunden Thomas Breiholz freuten sich 47 Anmeldungen auf einen Ausflug nach Fehmarn.<\/strong><\/p>\n<p><strong>Gestartet wurde bei Sonnenschein p\u00fcnktlich um 08.00 Uhr vom Drager Dorfgemeinschaftshaus. Die Ostseeinsel Fehmarn ist die drittgr\u00f6\u00dfte Insel Deutschlands. Nach \u00dcberquerung der Fehmarnsundbr\u00fccke\u00a0 war der Bus um 11.00 Uhr auf Fehmarn. Hier stieg die Reiseleitung zu die uns \u00fcber eine Rundfahrt \u00fcber die Insel begleitete. Um 12.30 Uhr erwartete uns ein gemeinsames Mittagessen in einem sehr gut, famili\u00e4r gef\u00fchrtem Gasthof.<\/strong><\/p>\n<p><strong>Anschlie\u00dfend wurde die Busfahrt fortgesetzt und es gab viel zu erfahren \u00fcber Bauwerke, Leuchtt\u00fcrme und Kirchen. Zum Kaffeetrinken haben wir die Insel verlassen und fuhren zum Gut G\u00f6rtz in Heringsdorf. Nach der St\u00e4rkung hatte man die M\u00f6glichkeit im Hofladen und den Kunsthandwerkgesch\u00e4ften zu bummeln.<\/strong><\/p>\n<p><strong>Um 19.00 Uhr trafen wir wieder im Drager Dorfgemeinschaftshaus ein.<\/strong><\/p>\n<p><strong>Nach einem Glas Sekt stand das selbstgemachte Abendbrot bereit.<\/strong><\/p>\n<p><strong>Das Team stellte zum Schluss noch eine Frage: Wie viele Kilometer sind wir heute gefahren? Es waren 375 km, und auf die Gewinner warteten 3 Gutscheine.<\/strong><\/p>\n<p><strong>Es war ein sehr sch\u00f6ner Tag und das Drag-S\u00fcd-See-Team sagt \u201eDanke\u201c.<\/strong><\/p>\n<p><strong>Am Samstag den 29.08.2026 wird die n\u00e4chste Fahrt geplant sein!!<br \/>\n<img loading=\"lazy\" decoding=\"async\" class=\"aligncenter wp-image-1309\" src=\"http:\/\/drage-nf.eu\/wp-content\/uploads\/2025\/09\/fehmarn.jpg\" alt=\"\" width=\"700\" height=\"401\" srcset=\"http:\/\/drage-nf.eu\/wp-content\/uploads\/2025\/09\/fehmarn.jpg 1293w, http:\/\/drage-nf.eu\/wp-content\/uploads\/2025\/09\/fehmarn-300x172.jpg 300w, http:\/\/drage-nf.eu\/wp-content\/uploads\/2025\/09\/fehmarn-1024x587.jpg 1024w, http:\/\/drage-nf.eu\/wp-content\/uploads\/2025\/09\/fehmarn-768x440.jpg 768w, http:\/\/drage-nf.eu\/wp-content\/uploads\/2025\/09\/fehmarn-200x115.jpg 200w\" sizes=\"auto, (max-width: 700px) 100vw, 700px\" \/><\/strong><\/p>\n<hr \/>\n<p><strong><span style=\"font-size: 14pt;\">Kinderfest 14.06.2025<\/span><\/strong><\/p>\n<p>Dieses Jahr konnte das Kinderfest in Drage am 14.06.2025 bei bestem Wetter stattfinden.<br \/>\nDie Spiele begannen planm\u00e4\u00dfig, nachdem Eltern und flei\u00dfige Helfer am Freitagabend und Samstagmorgen alles aufgebaut hatten. Ein paar besondere Spezialhelfer hatten bereits Tage vorher die Banner im Dorf verteilt.<br \/>\nDie Zeit zwischen den Spielen konnten die Kinder sich auf der Rollenrutsche und der H\u00fcpfburg vertreiben.<br \/>\nRechtzeitig standen dann auch die neuen Majest\u00e4ten und Kapit\u00e4ne und Kapit\u00e4ninnen fest.<\/p>\n<table style=\"border-collapse: collapse; width: 88.4089%;\">\n<tbody>\n<tr>\n<td style=\"width: 9.70588%;\"><\/td>\n<td style=\"width: 18.4706%;\">K\u00f6nig<\/td>\n<td style=\"width: 16.7117%;\">K\u00f6nigin<\/td>\n<td style=\"width: 27.4118%;\">Kapit\u00e4n<\/td>\n<td style=\"width: 22.3875%;\">Kapit\u00e4nin<\/td>\n<\/tr>\n<tr>\n<td style=\"width: 9.70588%;\">6-9<br \/>\nKlasse<\/td>\n<td style=\"width: 18.4706%;\">Rune Daries<\/td>\n<td style=\"width: 16.7117%;\">Julia Zimmer<\/td>\n<td style=\"width: 27.4118%;\">Mico Schumacher<\/td>\n<td style=\"width: 22.3875%;\">Gloria Danquah<\/td>\n<\/tr>\n<tr>\n<td style=\"width: 9.70588%;\">3-5<br \/>\nKlasse<\/td>\n<td style=\"width: 18.4706%;\">Klaas Hasche<\/td>\n<td style=\"width: 16.7117%;\">Amy Barnick<\/td>\n<td style=\"width: 27.4118%;\">Tjorven Raabe Brodersen<\/td>\n<td style=\"width: 22.3875%;\">Lina Lynn Baumann<\/td>\n<\/tr>\n<tr>\n<td style=\"width: 9.70588%;\">1-2<br \/>\nKlasse<\/td>\n<td style=\"width: 18.4706%;\">Jon Hasche<\/td>\n<td style=\"width: 16.7117%;\">Charlett Ohala<\/td>\n<td style=\"width: 27.4118%;\">Johannes Kasch<\/td>\n<td style=\"width: 22.3875%;\">Anne Schleeth<\/td>\n<\/tr>\n<tr>\n<td style=\"width: 9.70588%;\">Maxis<\/td>\n<td style=\"width: 18.4706%;\">Luca Zink<\/td>\n<td style=\"width: 16.7117%;\">Levke Kropp<\/td>\n<td style=\"width: 27.4118%;\">Sune Jacobsen<\/td>\n<td style=\"width: 22.3875%;\">Shaista Schaista<\/td>\n<\/tr>\n<tr>\n<td style=\"width: 9.70588%;\">Minis<\/td>\n<td style=\"width: 18.4706%;\">Henner Rathmann<\/td>\n<td style=\"width: 16.7117%;\">Zoey Eker<\/td>\n<td style=\"width: 27.4118%;\">Jeppe L\u00f6nne<\/td>\n<td style=\"width: 22.3875%;\">Frieda Treichel<\/td>\n<\/tr>\n<\/tbody>\n<\/table>\n<p>Auch in diesem Jahr startete der Nachmittag mit einem Umzug durchs Dorf. Angef\u00fchrt von der Traktor gezogenen Kutsche von Robert Lassen. Er transportierte wie immer die kleineren Majest\u00e4ten.<br \/>\nHier noch einmal ein ganz gro\u00dfer Dank, dass er den Kinderfestumzug in Drage so viele Jahre begleitet hat.<br \/>\nDie musikalische Unterst\u00fctzung wurde wie immer vom Verein Lundener Spielleute gew\u00e4hrleistet. Es war wie immer eine reine Freude.<br \/>\nIm Anschluss \u00fcbernahm DJ Jens im Dorfgemeinschaftshaus die Regie und lie\u00df gemeinsam mit den Kindern den Saal erbeben.<br \/>\nBei sch\u00f6nstem Sommerwetter und dem Geruch von frisch gegrilltem in der Nase ging man zum gem\u00fctlichen Teil des Abends \u00fcber.<br \/>\nWir danken hier auch nochmal unseren Grillern J\u00f6rgi und Wolle, sowie der Salatbuffetfee Claudia.<br \/>\nDanke auch allen flei\u00dfigen Helfern, Eltern, Unterst\u00fctzern und der Gemeinde.<br \/>\nEs ist die gleiche Wiederholung jedes Jahr, doch es ist auch Tatsache. Ohne diese Unterst\u00fctzung kann das Kinderfest nicht erhalten bleiben!<\/p>\n<p><img loading=\"lazy\" decoding=\"async\" class=\"aligncenter wp-image-1241\" src=\"http:\/\/drage-nf.eu\/wp-content\/uploads\/2025\/07\/kinder25.jpg\" alt=\"\" width=\"700\" height=\"467\" srcset=\"http:\/\/drage-nf.eu\/wp-content\/uploads\/2025\/07\/kinder25.jpg 1386w, http:\/\/drage-nf.eu\/wp-content\/uploads\/2025\/07\/kinder25-300x200.jpg 300w, http:\/\/drage-nf.eu\/wp-content\/uploads\/2025\/07\/kinder25-1024x683.jpg 1024w, http:\/\/drage-nf.eu\/wp-content\/uploads\/2025\/07\/kinder25-768x512.jpg 768w, http:\/\/drage-nf.eu\/wp-content\/uploads\/2025\/07\/kinder25-200x133.jpg 200w\" sizes=\"auto, (max-width: 700px) 100vw, 700px\" \/><\/p>\n<hr \/>\n<p style=\"text-align: justify;\"><strong><u>\u201e Wir sind dabei\u201c<\/u><\/strong><\/p>\n<p><strong>Am Samstag den 10.05.2025 pflanzten die B\u00fcrgermeisterin Maren F\u00fcrst und die Vorsitzende vom Ausschuss f\u00fcr Umwelt und Natur Merret Lewald eine Blutbuche im Thomsgang in Drage.<\/strong><\/p>\n<p><strong>\u201e Wir sind dabei\u201c<\/strong><\/p>\n<p><strong>Unser Dorf hat Zukunft, ein Landeswettbewerb in Schleswig Holstein und daran hat die Gemeinde Drage<br \/>\nin diesem Jahr teilgenommen.<br \/>\n<\/strong><strong>Als Dankesch\u00f6n erhielt jede Gemeinde einen Baum.<br \/>\n<\/strong><strong>Dieser Landeswettbewerb findet alle 5 Jahre statt und ist kostenlos.<br \/>\n<\/strong><strong>Mit einem Steckbrief sollte man das Dorf beschreiben und bislang erreichte Ziele erl\u00e4utern.<br \/>\n<\/strong><strong>An Bildmaterial wurden das Ortsschild und 5 verschiedene Ansichten aus unserem Dorf eingereicht.<br \/>\n<\/strong><strong>Gemeinsinn und Zusammenhalt wird pr\u00e4sentiert durch die \u00dcbersicht \u00f6rtlicher Vereine, Gruppen und Initiativen.<\/strong><\/p>\n<p><strong>Wir freuen uns mit dabei zu sein!<\/strong><\/p>\n<p><strong>Nun hei\u00dft es abwarten\u2026..<br \/>\n<img loading=\"lazy\" decoding=\"async\" class=\"aligncenter wp-image-1169\" src=\"http:\/\/drage-nf.eu\/wp-content\/uploads\/2025\/05\/baum_25-e1747122700280.jpg\" alt=\"\" width=\"700\" height=\"805\" srcset=\"http:\/\/drage-nf.eu\/wp-content\/uploads\/2025\/05\/baum_25-e1747122700280.jpg 882w, http:\/\/drage-nf.eu\/wp-content\/uploads\/2025\/05\/baum_25-e1747122700280-261x300.jpg 261w, http:\/\/drage-nf.eu\/wp-content\/uploads\/2025\/05\/baum_25-e1747122700280-768x883.jpg 768w, http:\/\/drage-nf.eu\/wp-content\/uploads\/2025\/05\/baum_25-e1747122700280-200x230.jpg 200w\" sizes=\"auto, (max-width: 700px) 100vw, 700px\" \/><\/strong><\/p>\n<hr \/>\n<p style=\"text-align: center;\"><strong><u><span style=\"font-size: 12pt;\">Neues Konzept f\u00fcr die Drager Tauschh\u00fctte<\/span><br \/>\n<\/u><\/strong>Seit nunmehr 9 Jahren l\u00e4dt die Tauschh\u00fctte in Drage zum St\u00f6bern ein.<br \/>\nDie Gemeinde Drage will damit die Nachhaltigkeit f\u00f6rdern. Hier k\u00f6nnen Dinge getauscht,<br \/>\ngeliehen, verschenkt und geteilt werden.<br \/>\nLeider beobachtet die Gemeindevertretung seit L\u00e4ngerem, dass in der Tauschh\u00fctte immer<br \/>\nmehr unbrauchbare, sperrige und kaputte Gegenst\u00e4nde abgelegt werden.<br \/>\nDamit dieses gute Projekt nicht aufgegeben wird, erarbeitete die SSW-Fraktion ein neues<br \/>\nKonzept zum Erhalt der Tauschh\u00fctte aus.<br \/>\nEs wurden 8 freiwillige Helfer gesucht und gefunden, die sich nun um die Tauschh\u00fctte k\u00fcmmern.<br \/>\nDas Konzept sieht unter anderem vor, dass die Freiwilligen im w\u00f6chentlichen Rhythmus<br \/>\ndarauf achten, dass nur wieder verwendbare Utensilien abgelegt und entnommen<br \/>\nwerden, und die Tauschh\u00fctte in einem ordentlichen Zustand ist.<br \/>\nAusgeh\u00e4ngte Hausregeln geben Hinweise, welche Gegenst\u00e4nde angeboten werden<br \/>\nk\u00f6nnen, und \u00d6ffnungszeiten sollen verhindern, dass im Schutze der Dunkelheit Sachen<br \/>\nnur einfach entsorgt werden.<br \/>\nUm weiterhin etwas Gutes f\u00fcr die Umwelt und Gemeinschaft zu tun und zu erhalten,<br \/>\nbitten wir alle, nur wieder verwendbare und saubere Dinge in der Tauschh\u00fctte anzubieten.<br \/>\nWenn sperriges Inventar abzugeben ist, kann ein Vermerk mit Kontaktdaten an der<br \/>\nPinnwand angebracht werden. Elektrische Kleinger\u00e4te m\u00fcssen funktionsf\u00e4hig sein. Da<br \/>\nviele Kinder die Tauschh\u00fctte lieben und nutzen, d\u00fcrfen aus Sicherheitsgr\u00fcnden keine<br \/>\nscharfen oder gef\u00e4hrlichen Gegenst\u00e4nde vorhanden sein.<br \/>\nEin gro\u00dfes Dankesch\u00f6n an die freiwilligen Helfer, die f\u00fcr den Erhalt der Tauschh\u00fctte<br \/>\nsorgen! Und vielen Dank an die Gemeinde, die zugesagt hat, dass die M\u00fclltonnen des<br \/>\nDorfgemeinschaftshauses im Falle der Entsorgung einzelner Dinge genutzt werden d\u00fcrfen.<br \/>\nDie Tauschh\u00fctte befindet sich in der Westerstr. auf H\u00f6he Nr. 27.<br \/>\nSie ist jede Tag von 10:00 bis 19:00 Uhr ge\u00f6ffnet.<br \/>\nAlle sind willkommen zu St\u00f6bern, zu Finden und zu Tauschen!<\/p>\n<hr \/>\n<div>\n<div style=\"text-align: center;\"><span style=\"font-family: tahoma, arial, helvetica, sans-serif; font-size: 12pt;\"><strong>Kochabend mit Maren und Thomas am 23.10.2024<\/strong><\/span><br \/>\n<span style=\"font-family: tahoma, arial, helvetica, sans-serif; font-size: 12pt;\">P\u00fcnktlich um 18 Uhr konnte Thomas Fries 16 neugierige &#8220; K\u00f6che &#8220; mit einem Glas Rose Wein begr\u00fc\u00dfen. Nach kurzer Besprechung des Abends startete der Kulinarische Gaumenschmaus.<\/span><\/div>\n<div style=\"text-align: center;\"><span style=\"font-family: tahoma, arial, helvetica, sans-serif; font-size: 12pt;\">Das 4- G\u00e4nge Men\u00fc nahm Gestalt an, so das gegen 20:30 Uhr mit dem Essen der Vorspeise begonnen werden konnte. Alle Speisen wurden toll angerichtet und mit vielen neuen Ideen zubereitet.<\/span><\/div>\n<div style=\"text-align: center;\"><span style=\"font-family: tahoma, arial, helvetica, sans-serif; font-size: 12pt;\">Gegen 22 Uhr waren alle Teller leer und die M\u00e4gen voll. Ein toller Abend ging mit einem Glas Wein und der Meinung &#8220; Das m\u00fcssen wir wieder machen &#8220; zu Ende.<br \/>\n<img loading=\"lazy\" decoding=\"async\" class=\"alignnone wp-image-987\" src=\"http:\/\/drage-nf.eu\/wp-content\/uploads\/2024\/10\/Kochabend1-768x1024.jpg\" alt=\"\" width=\"350\" height=\"467\" srcset=\"http:\/\/drage-nf.eu\/wp-content\/uploads\/2024\/10\/Kochabend1-768x1024.jpg 768w, http:\/\/drage-nf.eu\/wp-content\/uploads\/2024\/10\/Kochabend1-225x300.jpg 225w, http:\/\/drage-nf.eu\/wp-content\/uploads\/2024\/10\/Kochabend1-1152x1536.jpg 1152w, http:\/\/drage-nf.eu\/wp-content\/uploads\/2024\/10\/Kochabend1-1536x2048.jpg 1536w, http:\/\/drage-nf.eu\/wp-content\/uploads\/2024\/10\/Kochabend1-200x267.jpg 200w, http:\/\/drage-nf.eu\/wp-content\/uploads\/2024\/10\/Kochabend1-scaled.jpg 1920w\" sizes=\"auto, (max-width: 350px) 100vw, 350px\" \/> <img loading=\"lazy\" decoding=\"async\" class=\"alignnone wp-image-988\" src=\"http:\/\/drage-nf.eu\/wp-content\/uploads\/2024\/10\/Kochabend2-768x1024.jpg\" alt=\"\" width=\"350\" height=\"467\" srcset=\"http:\/\/drage-nf.eu\/wp-content\/uploads\/2024\/10\/Kochabend2-768x1024.jpg 768w, http:\/\/drage-nf.eu\/wp-content\/uploads\/2024\/10\/Kochabend2-225x300.jpg 225w, http:\/\/drage-nf.eu\/wp-content\/uploads\/2024\/10\/Kochabend2-1152x1536.jpg 1152w, http:\/\/drage-nf.eu\/wp-content\/uploads\/2024\/10\/Kochabend2-1536x2048.jpg 1536w, http:\/\/drage-nf.eu\/wp-content\/uploads\/2024\/10\/Kochabend2-200x267.jpg 200w, http:\/\/drage-nf.eu\/wp-content\/uploads\/2024\/10\/Kochabend2-scaled.jpg 1920w\" sizes=\"auto, (max-width: 350px) 100vw, 350px\" \/><br \/>\n<\/span><\/div>\n<\/div>\n<hr \/>\n<p style=\"text-align: center;\"><strong><u>Kaffeenachmittag in Drage<\/u><\/strong><\/p>\n<p style=\"text-align: center;\">Jeden dritten Montag im Monat findet in Drage ein gem\u00fctlicher Kaffeenachmittag statt.<\/p>\n<p style=\"text-align: center;\">Manuela und Therry planen und organisieren diese Veranstaltung mit sehr viel Liebe.<\/p>\n<p style=\"text-align: center;\">Dieser ganz besondere Termin begann p\u00fcnktlich um 14.30 Uhr im Drager Dorfgemeinschaftshaus.<\/p>\n<p style=\"text-align: center;\">Therry hatte am 16.09.2024 Geburtstag und dieser Nachmittag begann mit einem Glas Sekt.<\/p>\n<p style=\"text-align: center;\">F\u00fcr gute Stimmung sorgte Ulli mit seinem Schifferklavier.<\/p>\n<p style=\"text-align: center;\">Mit viel Freude nahmen alle 30 Besucher am Singen und Schunkeln teil.<\/p>\n<p style=\"text-align: center;\">F\u00fcr den leckeren Kuchen sorgt das \u201eCafe tut gut\u201c aus Koldenb\u00fcttel. Heidi Kiel,<\/p>\n<p style=\"text-align: center;\">Besitzerin von diesem Cafe wurde mit einem Blumenstrau\u00df belohnt.<\/p>\n<p style=\"text-align: center;\">Die B\u00fcrgermeisterin, Maren F\u00fcrst \u00fcbergab Manuela und Therry einen Gutschein als Dankesch\u00f6n.<\/p>\n<p style=\"text-align: center;\">Wir w\u00fcnschen uns dass diese Nachmittage noch lange erhalten bleiben!<br \/>\n<img loading=\"lazy\" decoding=\"async\" class=\"aligncenter wp-image-939\" src=\"http:\/\/drage-nf.eu\/wp-content\/uploads\/2024\/09\/kaffee_1.jpg\" alt=\"\" width=\"700\" height=\"525\" srcset=\"http:\/\/drage-nf.eu\/wp-content\/uploads\/2024\/09\/kaffee_1.jpg 1600w, http:\/\/drage-nf.eu\/wp-content\/uploads\/2024\/09\/kaffee_1-300x225.jpg 300w, http:\/\/drage-nf.eu\/wp-content\/uploads\/2024\/09\/kaffee_1-1024x768.jpg 1024w, http:\/\/drage-nf.eu\/wp-content\/uploads\/2024\/09\/kaffee_1-768x576.jpg 768w, http:\/\/drage-nf.eu\/wp-content\/uploads\/2024\/09\/kaffee_1-1536x1152.jpg 1536w, http:\/\/drage-nf.eu\/wp-content\/uploads\/2024\/09\/kaffee_1-200x150.jpg 200w\" sizes=\"auto, (max-width: 700px) 100vw, 700px\" \/><img loading=\"lazy\" decoding=\"async\" class=\"aligncenter wp-image-940\" src=\"http:\/\/drage-nf.eu\/wp-content\/uploads\/2024\/09\/kaffee_2-e1726587368978.jpg\" alt=\"\" width=\"700\" height=\"525\" srcset=\"http:\/\/drage-nf.eu\/wp-content\/uploads\/2024\/09\/kaffee_2-e1726587368978.jpg 1385w, http:\/\/drage-nf.eu\/wp-content\/uploads\/2024\/09\/kaffee_2-e1726587368978-300x225.jpg 300w, http:\/\/drage-nf.eu\/wp-content\/uploads\/2024\/09\/kaffee_2-e1726587368978-1024x768.jpg 1024w, http:\/\/drage-nf.eu\/wp-content\/uploads\/2024\/09\/kaffee_2-e1726587368978-768x576.jpg 768w, http:\/\/drage-nf.eu\/wp-content\/uploads\/2024\/09\/kaffee_2-e1726587368978-200x150.jpg 200w\" sizes=\"auto, (max-width: 700px) 100vw, 700px\" \/><u><\/u><\/p>\n<hr \/>\n<p style=\"text-align: center;\"><strong><u><span style=\"font-family: tahoma, arial, helvetica, sans-serif; font-size: 10pt;\"><img loading=\"lazy\" decoding=\"async\" class=\"aligncenter wp-image-480 size-full\" src=\"http:\/\/drage-nf.eu\/wp-content\/uploads\/2024\/02\/dorffunk-scaled-e1708772878170.jpg\" alt=\"\" width=\"1604\" height=\"2432\" srcset=\"http:\/\/drage-nf.eu\/wp-content\/uploads\/2024\/02\/dorffunk-scaled-e1708772878170.jpg 1604w, http:\/\/drage-nf.eu\/wp-content\/uploads\/2024\/02\/dorffunk-scaled-e1708772878170-198x300.jpg 198w, http:\/\/drage-nf.eu\/wp-content\/uploads\/2024\/02\/dorffunk-scaled-e1708772878170-675x1024.jpg 675w, http:\/\/drage-nf.eu\/wp-content\/uploads\/2024\/02\/dorffunk-scaled-e1708772878170-768x1164.jpg 768w, http:\/\/drage-nf.eu\/wp-content\/uploads\/2024\/02\/dorffunk-scaled-e1708772878170-1013x1536.jpg 1013w, http:\/\/drage-nf.eu\/wp-content\/uploads\/2024\/02\/dorffunk-scaled-e1708772878170-1351x2048.jpg 1351w, http:\/\/drage-nf.eu\/wp-content\/uploads\/2024\/02\/dorffunk-scaled-e1708772878170-200x303.jpg 200w\" sizes=\"auto, (max-width: 1604px) 100vw, 1604px\" \/><\/span><\/u><\/strong><\/p>\n<hr \/>\n<p style=\"text-align: center;\"><strong><u><span style=\"font-family: tahoma, arial, helvetica, sans-serif; font-size: 10pt;\"><img loading=\"lazy\" decoding=\"async\" class=\"aligncenter wp-image-257\" src=\"http:\/\/drage-nf.eu\/wp-content\/uploads\/2024\/02\/temme-scaled.jpg\" alt=\"\" width=\"700\" height=\"992\" srcset=\"http:\/\/drage-nf.eu\/wp-content\/uploads\/2024\/02\/temme-scaled.jpg 1806w, http:\/\/drage-nf.eu\/wp-content\/uploads\/2024\/02\/temme-212x300.jpg 212w, http:\/\/drage-nf.eu\/wp-content\/uploads\/2024\/02\/temme-722x1024.jpg 722w, http:\/\/drage-nf.eu\/wp-content\/uploads\/2024\/02\/temme-768x1089.jpg 768w, http:\/\/drage-nf.eu\/wp-content\/uploads\/2024\/02\/temme-1084x1536.jpg 1084w, http:\/\/drage-nf.eu\/wp-content\/uploads\/2024\/02\/temme-1445x2048.jpg 1445w, http:\/\/drage-nf.eu\/wp-content\/uploads\/2024\/02\/temme-106x150.jpg 106w\" sizes=\"auto, (max-width: 700px) 100vw, 700px\" \/><\/span><\/u><\/strong><\/p>\n<hr \/>\n<p style=\"text-align: center;\">\n","protected":false},"excerpt":{"rendered":"<p>\u00a0 \u00a0 \u00a0 \u00a0 \u00a0 \u00a0 \u00a0 \u00a0 \u00a0 \u00a0 \u00a0 \u00a0 \u00a0 \u00a0 \u00a0 \u00a0 \u00a0 \u00a0 \u00a0 \u00a0 \u00a0 \u00a0 \u00a0 \u00a0 \u00a0 \u00a0Moin Moin \u00a0 \u00a0 \u00a0 \u00a0 \u00a0 \u00a0 \u00a0 \u00a0 \u00a0 \u00a0 \u00a0 \u00a0 \u00a0 \u00a0 \u00a0 \u00a0 \u00a0 \u00a0 \u00a0 \u00a0 \u00a0 \u00a0 \u00a0 \u00a0 \u00a0 \u00a0 \u00a0 \u00a0&#8230; <\/p>\n<div class=\"read-more\"><a href=\"http:\/\/drage-nf.eu\/\">Read More<\/a><\/div>\n","protected":false},"author":1,"featured_media":0,"parent":0,"menu_order":0,"comment_status":"closed","ping_status":"closed","template":"","meta":{"footnotes":""},"class_list":["post-390","page","type-page","status-publish","hentry"],"_links":{"self":[{"href":"http:\/\/drage-nf.eu\/index.php?rest_route=\/wp\/v2\/pages\/390","targetHints":{"allow":["GET"]}}],"collection":[{"href":"http:\/\/drage-nf.eu\/index.php?rest_route=\/wp\/v2\/pages"}],"about":[{"href":"http:\/\/drage-nf.eu\/index.php?rest_route=\/wp\/v2\/types\/page"}],"author":[{"embeddable":true,"href":"http:\/\/drage-nf.eu\/index.php?rest_route=\/wp\/v2\/users\/1"}],"replies":[{"embeddable":true,"href":"http:\/\/drage-nf.eu\/index.php?rest_route=%2Fwp%2Fv2%2Fcomments&post=390"}],"version-history":[{"count":388,"href":"http:\/\/drage-nf.eu\/index.php?rest_route=\/wp\/v2\/pages\/390\/revisions"}],"predecessor-version":[{"id":1607,"href":"http:\/\/drage-nf.eu\/index.php?rest_route=\/wp\/v2\/pages\/390\/revisions\/1607"}],"wp:attachment":[{"href":"http:\/\/drage-nf.eu\/index.php?rest_route=%2Fwp%2Fv2%2Fmedia&parent=390"}],"curies":[{"name":"wp","href":"https:\/\/api.w.org\/{rel}","templated":true}]}}